{"id":702,"date":"2017-10-12T11:38:29","date_gmt":"2017-10-12T11:38:29","guid":{"rendered":"http:\/\/bridge94.qodeinteractive.com\/?page_id=4"},"modified":"2026-01-30T09:59:18","modified_gmt":"2026-01-30T07:59:18","slug":"observatori-de-lemprenedoria","status":"publish","type":"page","link":"https:\/\/cocreix.ddgi.cat\/web\/observatori-de-lemprenedoria\/","title":{"rendered":"Observatori de l\u2019Emprenedoria"},"content":{"rendered":"<div class=\"wpb-content-wrapper\"><p>[vc_row css_animation=&#8221;&#8221; row_type=&#8221;row&#8221; use_row_as_full_screen_section=&#8221;no&#8221; type=&#8221;grid&#8221; angled_section=&#8221;no&#8221; text_align=&#8221;left&#8221; background_image_as_pattern=&#8221;without_pattern&#8221; padding_top=&#8221;120px&#8221; padding_bottom=&#8221;50px&#8221; css=&#8221;.vc_custom_1614851587419{padding-top: 100px !important;padding-bottom: 100px !important;background-color: #ffffff !important;}&#8221; z_index=&#8221;&#8221;][vc_column width=&#8221;1\/3&#8243;][vc_empty_space height=&#8221;20&#8243;][vc_column_text]<\/p>\n<p class=\"h2-text\">Informaci\u00f3 i monitoratge de <span style=\"color: #af2827; font-weight: 600;\">l\u2019ecosistema emprenedor<\/span> de la demarcaci\u00f3 de Girona<\/p>\n<p>[\/vc_column_text][vc_empty_space height=&#8221;38px&#8221;][\/vc_column][vc_column width=&#8221;2\/3&#8243;][vc_empty_space height=&#8221;20&#8243;][vc_column_text css=&#8221;&#8221; el_class=&#8221;text17&#8243;]<\/p>\n<p class=\"xifres-text\"><strong>L\u2019observatori<\/strong> \u00e9s un instrument estrat\u00e8gic que aporta informaci\u00f3 sobre el conjunt d\u2019entitats locals, serveis, programes i recursos destinats a donar <strong>suport a l\u2019emprenedoria de la demarcaci\u00f3 de Girona.\u00a0<\/strong><\/p>\n<p class=\"xifres-text\">El seu objectiu \u00e9s mostrar la realitat territorial en mat\u00e8ria d\u2019emprenedoria per contribuir a definir pol\u00edtiques p\u00fabliques i programes de suport a la creaci\u00f3 i consolidaci\u00f3 empresarials. La seva missi\u00f3 \u00e9s enfortir, millorar i donar m\u00e9s visibilitat a l\u2019ecosistema emprenedor de la demarcaci\u00f3.<\/p>\n<p>[\/vc_column_text][\/vc_column][\/vc_row][vc_row css_animation=&#8221;&#8221; row_type=&#8221;row&#8221; use_row_as_full_screen_section=&#8221;no&#8221; type=&#8221;grid&#8221; angled_section=&#8221;no&#8221; text_align=&#8221;left&#8221; background_image_as_pattern=&#8221;without_pattern&#8221; padding_top=&#8221;100&#8243; padding_bottom=&#8221;10&#8243; z_index=&#8221;&#8221;][vc_column offset=&#8221;vc_col-lg-3 vc_col-md-6&#8243;][vc_column_text css=&#8221;&#8221;]<\/p>\n<h2 class=\"xifres\"><span style=\"color: #af2827;\">59<\/span><\/h2>\n<p class=\"xifres-text\">entitats de suport a l\u2019emprenedoria enquestades<\/p>\n<p>[\/vc_column_text][vc_empty_space height=&#8221;30px&#8221;][\/vc_column][vc_column offset=&#8221;vc_col-lg-3 vc_col-md-6&#8243;][vc_column_text css=&#8221;&#8221;]<\/p>\n<h2 class=\"xifres\"><span style=\"color: #af2827;\">153<\/span><\/h2>\n<p class=\"xifres-text\">persones al servei de les entitats de suport a l\u2019emprenedoria<\/p>\n<p>[\/vc_column_text][vc_empty_space height=&#8221;30px&#8221;][\/vc_column][vc_column offset=&#8221;vc_col-lg-3 vc_col-md-6&#8243;][vc_column_text css=&#8221;&#8221;]<\/p>\n<h2 class=\"xifres\"><span style=\"color: #af2827;\">85<\/span><\/h2>\n<p class=\"xifres-text\">espais d&#8217;allotjament empresarial de gesti\u00f3 p\u00fablica<\/p>\n<p>[\/vc_column_text][vc_empty_space height=&#8221;30px&#8221;][\/vc_column][vc_column offset=&#8221;vc_col-lg-3 vc_col-md-6&#8243;][vc_column_text css=&#8221;&#8221;]<\/p>\n<h2 class=\"xifres\"><span style=\"color: #af2827;\">3.177<\/span><\/h2>\n<p class=\"xifres-text\">iniciatives empresarials ateses<\/p>\n<p>[\/vc_column_text][vc_empty_space height=&#8221;30px&#8221;][\/vc_column][\/vc_row][vc_row css_animation=&#8221;&#8221; row_type=&#8221;row&#8221; use_row_as_full_screen_section=&#8221;no&#8221; type=&#8221;grid&#8221; angled_section=&#8221;no&#8221; text_align=&#8221;center&#8221; background_image_as_pattern=&#8221;without_pattern&#8221; padding_top=&#8221;30&#8243; padding_bottom=&#8221;100&#8243; z_index=&#8221;&#8221;][vc_column]\n\n\t<a href=\"https:\/\/cocreix.ddgi.cat\/web\/lemprenedoria-a-la-provincia-de-girona\/\" target=\"_self\" style=\"color: #ffffff;background-color: #af2827;font-size: 17px;font-weight: 600;margin: 20px 20px 20px 20px\" class=\"qode-btn qode-btn-medium qode-btn-solid qode-btn-custom-hover-bg qode-btn-custom-hover-color qode-btn-custom-icon-bg-hover-color qode-btn-icon qodef-btn-icon-square qode-btn-icon-rotate\" data-hover-bg-color=\"#af2827\" data-hover-color=\"#ffffff\" >\n\t    <span class=\"qode-btn-text\">L&#039;emprenedoria a la prov\u00edncia<\/span><span class=\"qode-button-v2-icon-holder\" style=\"font-size: 26px;border-color: #af2827;background-color: #af5b5b\" data-hover-icon-border-color=\"#af2827\" data-hover-icon-bg-color=\"#af5b5b\"><span aria-hidden=\"true\" class=\"qode_icon_font_elegant icon_piechart qode-button-v2-icon-holder-inner\" ><\/span><\/span>\t<\/a>\n\n[\/vc_column][\/vc_row][vc_row row_type=&#8221;parallax&#8221; parallax_content_width=&#8221;in_grid&#8221; text_align=&#8221;left&#8221; full_screen_section_height=&#8221;no&#8221; background_image=&#8221;17325&#8243; section_height=&#8221;1200&#8243;][vc_column][vc_row_inner row_type=&#8221;row&#8221; type=&#8221;full_width&#8221; text_align=&#8221;left&#8221; css_animation=&#8221;&#8221; padding_top=&#8221;120&#8243; padding_bottom=&#8221;10&#8243;][vc_column_inner][vc_column_text]<\/p>\n<h2><span style=\"color: #ffffff;\">Objectius<\/span><\/h2>\n<p>[\/vc_column_text][vc_separator type=&#8221;small&#8221; position=&#8221;left&#8221; color=&#8221;#af2827&#8243;][\/vc_column_inner][\/vc_row_inner][vc_row_inner row_type=&#8221;row&#8221; type=&#8221;full_width&#8221; text_align=&#8221;left&#8221; css_animation=&#8221;&#8221; padding_top=&#8221;30&#8243; padding_bottom=&#8221;13&#8243;][vc_column_inner width=&#8221;1\/3&#8243;]<div class='q_icon_with_title medium custom_icon_image center '><div class=\"icon_holder \" style=\" \"><img decoding=\"async\" itemprop=\"image\" style=\"\" src=\"https:\/\/cocreix.ddgi.cat\/web\/wp-content\/uploads\/2022\/05\/informar.png\" alt=\"\"><\/div><div class=\"icon_text_holder\" style=\"padding-left:70px;\"><div class=\"icon_text_inner\" style=\"\"><h4 class=\"icon_title\" style=\"color: #ffffff;\">Informar<\/h4><p style='color: #e2dfdf'>Generar informaci\u00f3 en relaci\u00f3 amb els serveis i els recursos que hi ha al territori per donar suport a l\u2019emprenedoria i la consolidaci\u00f3 empresarial, aix\u00ed com generar informaci\u00f3 i coneixement sobre l\u2019emprenedoria gironina i el conjunt de les entitats de l\u2019ecosistema emprenedor de la demarcaci\u00f3.<\/p><\/div><\/div><\/div>[vc_empty_space][\/vc_column_inner][vc_column_inner width=&#8221;1\/3&#8243;]<div class='q_icon_with_title medium custom_icon_image center '><div class=\"icon_holder \" style=\" \"><img decoding=\"async\" itemprop=\"image\" style=\"\" src=\"https:\/\/cocreix.ddgi.cat\/web\/wp-content\/uploads\/2022\/05\/visibilitzar.png\" alt=\"\"><\/div><div class=\"icon_text_holder\" style=\"padding-left:70px;\"><div class=\"icon_text_inner\" style=\"\"><h4 class=\"icon_title\" style=\"color: #ffffff;\">Visibilitzar<\/h4><p style='color: #e2dfdf'>Donar m\u00e9s visibilitat a les entitats de suport a l\u2019emprenedoria i als processos de creaci\u00f3 d\u2019empreses, visibilitzant les noves empreses creades i els llocs de treball que generats, especialment, per donar m\u00e9s rellev\u00e0ncia i reconeixement a l\u2019emprenedoria.<\/p><\/div><\/div><\/div>[vc_empty_space][\/vc_column_inner][vc_column_inner width=&#8221;1\/3&#8243;]<div class='q_icon_with_title medium custom_icon_image center '><div class=\"icon_holder \" style=\" \"><img decoding=\"async\" itemprop=\"image\" style=\"\" src=\"https:\/\/cocreix.ddgi.cat\/web\/wp-content\/uploads\/2022\/05\/lupa.png\" alt=\"\"><\/div><div class=\"icon_text_holder\" style=\"padding-left:70px;\"><div class=\"icon_text_inner\" style=\"\"><h4 class=\"icon_title\" style=\"color: #ffffff;\">Con\u00e8ixer<\/h4><p style='color: #e2dfdf'>Observar l\u2019ecosistema emprenedor; \u00e9s a dir, recollir dades per mesurar-les, quantificar-les, descriure-les de manera peri\u00f2dica i observar-ne l\u2019evoluci\u00f3, identificar les tipologies, els sectors econ\u00f2mics i les activitats i, molt especialment, les necessitats que existeixen.<\/p><\/div><\/div><\/div>[vc_empty_space][\/vc_column_inner][\/vc_row_inner][vc_row_inner row_type=&#8221;row&#8221; type=&#8221;full_width&#8221; text_align=&#8221;left&#8221; css_animation=&#8221;&#8221; padding_bottom=&#8221;13&#8243;][vc_column_inner width=&#8221;1\/6&#8243;][vc_empty_space][\/vc_column_inner][vc_column_inner width=&#8221;1\/3&#8243;]<div class='q_icon_with_title medium custom_icon_image center '><div class=\"icon_holder \" style=\" \"><img decoding=\"async\" itemprop=\"image\" style=\"\" src=\"https:\/\/cocreix.ddgi.cat\/web\/wp-content\/uploads\/2022\/05\/millorar.png\" alt=\"\"><\/div><div class=\"icon_text_holder\" style=\"padding-left:70px;\"><div class=\"icon_text_inner\" style=\"\"><h4 class=\"icon_title\" style=\"color: #ffffff;\">Millorar la prestaci\u00f3 de serveis i pol\u00edtiques p\u00fabliques<\/h4><p style='color: #e2dfdf'>Millorar la prestaci\u00f3 de serveis i pol\u00edtiques p\u00fabliques de suport a l\u2019emprenedoria des de l\u2019\u00e0mbit local, incorporant la informaci\u00f3 disponible en el proc\u00e9s de presa de decisions i en el disseny de serveis i de programes de suport per donar resposta a les seves necessitats i enfortir l\u2019ecosistema emprenedor.<\/p><\/div><\/div><\/div>[\/vc_column_inner][vc_column_inner width=&#8221;1\/3&#8243;]<div class='q_icon_with_title medium custom_icon_image center '><div class=\"icon_holder \" style=\" \"><img decoding=\"async\" itemprop=\"image\" style=\"\" src=\"https:\/\/cocreix.ddgi.cat\/web\/wp-content\/uploads\/2022\/05\/garantir.png\" alt=\"\"><\/div><div class=\"icon_text_holder\" style=\"padding-left:70px;\"><div class=\"icon_text_inner\" style=\"\"><h4 class=\"icon_title\" style=\"color: #ffffff;\">Garantir la rendici\u00f3 de comptes<\/h4><p style='color: #e2dfdf'>Garantir la rendici\u00f3 de comptes i la transpar\u00e8ncia de les entitats p\u00fabliques i privades, aix\u00ed com dels responsables pol\u00edtics, envers la ciutadania en relaci\u00f3 amb l\u2019\u00e0mbit del suport a l\u2019emprenedoria i la consolidaci\u00f3 empresarial.<\/p><\/div><\/div><\/div>[\/vc_column_inner][vc_column_inner width=&#8221;1\/6&#8243;][\/vc_column_inner][\/vc_row_inner][\/vc_column][\/vc_row][vc_row css_animation=&#8221;&#8221; row_type=&#8221;row&#8221; use_row_as_full_screen_section=&#8221;no&#8221; type=&#8221;grid&#8221; angled_section=&#8221;no&#8221; text_align=&#8221;left&#8221; background_image_as_pattern=&#8221;without_pattern&#8221; background_color=&#8221;#ffffff&#8221; padding_top=&#8221;80&#8243; padding_bottom=&#8221;80&#8243; z_index=&#8221;&#8221;][vc_column width=&#8221;1\/2&#8243; el_class=&#8221;home-bloccenter&#8221;][vc_single_image image=&#8221;17063&#8243; img_size=&#8221;medium&#8221; alignment=&#8221;center&#8221; onclick=&#8221;custom_link&#8221; img_link_target=&#8221;_blank&#8221; qode_css_animation=&#8221;&#8221; qode_hover_animation=&#8221;zoom_in&#8221; link=&#8221;https:\/\/sitmun.ddgi.cat\/emprenedoria&#8221;][vc_empty_space height=&#8221;20px&#8221;][vc_column_text]<\/p>\n<p class=\"xifres-text\" style=\"text-align: center;\">Mapa de les entitats de suport a l\u2019emprenedoria (SITMUN)<\/p>\n<p>[\/vc_column_text][vc_empty_space height=&#8221;30px&#8221;]\n\n\t<a href=\"https:\/\/sitmun.ddgi.cat\/emprenedoria\" target=\"_blank\" style=\"color: #ffffff;background-color: #af2827;font-size: 17px;font-weight: 600;margin: 0 0 0 0\" class=\"qode-btn qode-btn-medium qode-btn-solid qode-btn-custom-hover-bg qode-btn-custom-hover-color qode-btn-custom-icon-bg-hover-color qode-btn-icon qodef-btn-icon-square qode-btn-icon-rotate\" data-hover-bg-color=\"#af2827\" data-hover-color=\"#ffffff\" >\n\t    <span class=\"qode-btn-text\">Acc\u00e9s al mapa<\/span><span class=\"qode-button-v2-icon-holder\" style=\"font-size: 26px;border-color: #af2827;background-color: #af5b5b\" data-hover-icon-border-color=\"#af2827\" data-hover-icon-bg-color=\"#af5b5b\"><i class=\"qode_icon_font_awesome fa fa-arrow-right qode-button-v2-icon-holder-inner\" ><\/i><\/span>\t<\/a>\n\n[vc_empty_space height=&#8221;30px&#8221;][\/vc_column][vc_column width=&#8221;1\/2&#8243; el_class=&#8221;home-bloccenter&#8221;][vc_single_image image=&#8221;17408&#8243; img_size=&#8221;medium&#8221; alignment=&#8221;center&#8221; onclick=&#8221;custom_link&#8221; img_link_target=&#8221;_blank&#8221; css=&#8221;&#8221; qode_css_animation=&#8221;&#8221; qode_hover_animation=&#8221;zoom_in&#8221; link=&#8221;https:\/\/cocreix.ddgi.cat\/web\/wp-content\/uploads\/2026\/01\/Activitat_emprenedora_entitats_serveis_suport_emprenedoria_2025-1.pdf&#8221;][vc_empty_space height=&#8221;20px&#8221;][vc_column_text]<\/p>\n<p class=\"xifres-text\">Activitat emprenedora i serveis de suport a l\u2019emprenedoria<\/p>\n<p>[\/vc_column_text][vc_empty_space height=&#8221;30px&#8221;]\n\n\t<a href=\"https:\/\/cocreix.ddgi.cat\/web\/wp-content\/uploads\/2026\/01\/Activitat_emprenedora_entitats_serveis_suport_emprenedoria_2025-1.pdf\" target=\"_blank\" style=\"color: #ffffff;background-color: #af2827;font-size: 17px;font-weight: 600;margin: 0 0 0 0\" class=\"qode-btn qode-btn-medium qode-btn-solid qode-btn-custom-hover-bg qode-btn-custom-hover-color qode-btn-custom-icon-bg-hover-color qode-btn-icon qodef-btn-icon-square qode-btn-icon-rotate\" data-hover-bg-color=\"#af2827\" data-hover-color=\"#ffffff\" >\n\t    <span class=\"qode-btn-text\">Descarrega l&#039;informe<\/span><span class=\"qode-button-v2-icon-holder\" style=\"font-size: 26px;border-color: #af2827;background-color: #af5b5b\" data-hover-icon-border-color=\"#af2827\" data-hover-icon-bg-color=\"#af5b5b\"><i class=\"qode_icon_font_awesome fa fa-arrow-right qode-button-v2-icon-holder-inner\" ><\/i><\/span>\t<\/a>\n\n[vc_empty_space height=&#8221;30px&#8221;][\/vc_column][\/vc_row]<\/p>\n<\/div>","protected":false},"excerpt":{"rendered":"<p>[vc_row css_animation=&#8221;&#8221; row_type=&#8221;row&#8221; use_row_as_full_screen_section=&#8221;no&#8221; type=&#8221;grid&#8221; angled_section=&#8221;no&#8221; text_align=&#8221;left&#8221; background_image_as_pattern=&#8221;without_pattern&#8221; padding_top=&#8221;120px&#8221; padding_bottom=&#8221;50px&#8221; css=&#8221;.vc_custom_1614851587419{padding-top: 100px !important;padding-bottom: 100px !important;background-color: #ffffff !important;}&#8221; z_index=&#8221;&#8221;][vc_column width=&#8221;1\/3&#8243;][vc_empty_space height=&#8221;20&#8243;][vc_column_text] Informaci\u00f3 i monitoratge de l\u2019ecosistema emprenedor de la demarcaci\u00f3 de Girona [\/vc_column_text][vc_empty_space height=&#8221;38px&#8221;][\/vc_column][vc_column width=&#8221;2\/3&#8243;][vc_empty_space height=&#8221;20&#8243;][vc_column_text css=&#8221;&#8221; el_class=&#8221;text17&#8243;] L\u2019observatori \u00e9s un instrument estrat\u00e8gic que aporta informaci\u00f3&#8230;<\/p>\n","protected":false},"author":2,"featured_media":17076,"parent":0,"menu_order":0,"comment_status":"closed","ping_status":"closed","template":"full_width.php","meta":{"inline_featured_image":false,"footnotes":""},"class_list":["post-702","page","type-page","status-publish","has-post-thumbnail","hentry"],"_links":{"self":[{"href":"https:\/\/cocreix.ddgi.cat\/web\/wp-json\/wp\/v2\/pages\/702","targetHints":{"allow":["GET"]}}],"collection":[{"href":"https:\/\/cocreix.ddgi.cat\/web\/wp-json\/wp\/v2\/pages"}],"about":[{"href":"https:\/\/cocreix.ddgi.cat\/web\/wp-json\/wp\/v2\/types\/page"}],"author":[{"embeddable":true,"href":"https:\/\/cocreix.ddgi.cat\/web\/wp-json\/wp\/v2\/users\/2"}],"replies":[{"embeddable":true,"href":"https:\/\/cocreix.ddgi.cat\/web\/wp-json\/wp\/v2\/comments?post=702"}],"version-history":[{"count":34,"href":"https:\/\/cocreix.ddgi.cat\/web\/wp-json\/wp\/v2\/pages\/702\/revisions"}],"predecessor-version":[{"id":18898,"href":"https:\/\/cocreix.ddgi.cat\/web\/wp-json\/wp\/v2\/pages\/702\/revisions\/18898"}],"wp:featuredmedia":[{"embeddable":true,"href":"https:\/\/cocreix.ddgi.cat\/web\/wp-json\/wp\/v2\/media\/17076"}],"wp:attachment":[{"href":"https:\/\/cocreix.ddgi.cat\/web\/wp-json\/wp\/v2\/media?parent=702"}],"curies":[{"name":"wp","href":"https:\/\/api.w.org\/{rel}","templated":true}]}}