{"id":461,"date":"2019-06-03T09:11:50","date_gmt":"2019-06-03T07:11:50","guid":{"rendered":"http:\/\/localhost\/promoeco\/web\/?page_id=461"},"modified":"2022-07-13T13:59:16","modified_gmt":"2022-07-13T11:59:16","slug":"premis-projectat-2","status":"publish","type":"page","link":"https:\/\/cocreix.ddgi.cat\/web\/premis-projectat-2\/","title":{"rendered":"Segona edici\u00f3"},"content":{"rendered":"<div class=\"wpb-content-wrapper\"><p>[vc_row css_animation=&#8221;&#8221; row_type=&#8221;row&#8221; use_row_as_full_screen_section=&#8221;no&#8221; type=&#8221;grid&#8221; angled_section=&#8221;no&#8221; text_align=&#8221;left&#8221; background_image_as_pattern=&#8221;without_pattern&#8221; css=&#8221;.vc_custom_1559909607249{padding-top: 103px !important;padding-bottom: 80px !important;background-color: #ffffff !important;}&#8221; el_id=&#8221;menuinici&#8221; z_index=&#8221;&#8221;][vc_column width=&#8221;1\/2&#8243;][vc_column_text]<\/p>\n<h2>Premis Projecta&#8217;t<\/h2>\n<p>[\/vc_column_text][vc_column_text]<\/p>\n<h4>Convocat\u00f2ria<span style=\"color: #af2827;\"> tancada <\/span>el mes de juliol del 2020<\/h4>\n<p>[\/vc_column_text][vc_empty_space height=&#8221;27px&#8221;][vc_column_text]La Diputaci\u00f3 de Girona va convocar la <strong>segona edici\u00f3<\/strong> dels Premis Projecta\u2019t amb l\u2019objectiu d\u2019impulsar la projecci\u00f3 d\u2019empreses joves de les comarques gironines.<\/p>\n<p>Els guardons es van adre\u00e7ar a empreses i aut\u00f2noms del territori i es van premiar les <strong>deu<\/strong> iniciatives empresarials m\u00e9s rellevants i amb m\u00e9s potencial de creixement.<\/p>\n<p>Els projectes seleccionats van obtenir l\u2019assessorament especialitzat d\u2019experts que, al llarg de sis mesos, els van ajudar a definir i a desenvolupar l\u2019estrat\u00e8gia empresarial en l\u2019\u00e0mbit que els mateixos emprenedors van escollir.[\/vc_column_text][vc_empty_space height=&#8221;20px&#8221;][\/vc_column][vc_column width=&#8221;1\/2&#8243;][vc_column_text]<div class=\"lyte-wrapper\" style=\"width:1280px;max-width:100%;margin:5px auto;\"><div class=\"lyMe hidef\" id=\"WYL_2zmUuV5vGDU\"><div id=\"lyte_2zmUuV5vGDU\" data-src=\"\/\/i.ytimg.com\/vi\/2zmUuV5vGDU\/maxresdefault.jpg\" class=\"pL\"><div class=\"tC\"><div class=\"tT\"><\/div><\/div><div class=\"play\"><\/div><div class=\"ctrl\"><div class=\"Lctrl\"><\/div><div class=\"Rctrl\"><\/div><\/div><\/div><noscript><a href=\"https:\/\/youtu.be\/2zmUuV5vGDU\" rel=\"nofollow\"><img loading=\"lazy\" decoding=\"async\" src=\"https:\/\/i.ytimg.com\/vi\/2zmUuV5vGDU\/0.jpg\" alt=\"YouTube video thumbnail\" width=\"1280\" height=\"700\" \/><br \/>Watch this video on YouTube<\/a><\/noscript><\/div><\/div><div class=\"lL\" style=\"max-width:100%;width:1280px;margin:5px auto;\"><\/div>[\/vc_column_text][vc_empty_space height=&#8221;70px&#8221;][\/vc_column][\/vc_row][vc_row css_animation=&#8221;&#8221; row_type=&#8221;row&#8221; use_row_as_full_screen_section=&#8221;no&#8221; type=&#8221;grid&#8221; angled_section=&#8221;no&#8221; text_align=&#8221;left&#8221; background_image_as_pattern=&#8221;without_pattern&#8221; css=&#8221;.vc_custom_1605266633767{padding-top: 100px !important;padding-bottom: 40px !important;background-color: #f0f0f0 !important;}&#8221; el_id=&#8221;menupremiats&#8221; z_index=&#8221;&#8221;][vc_column][vc_column_text]<\/p>\n<h2>Premiats<\/h2>\n<p>[\/vc_column_text][\/vc_column][\/vc_row][vc_row css_animation=&#8221;&#8221; row_type=&#8221;row&#8221; use_row_as_full_screen_section=&#8221;no&#8221; type=&#8221;grid&#8221; angled_section=&#8221;no&#8221; text_align=&#8221;left&#8221; background_image_as_pattern=&#8221;without_pattern&#8221; css=&#8221;.vc_custom_1605266652555{background-color: #f0f0f0 !important;}&#8221; z_index=&#8221;&#8221;][vc_column width=&#8221;1\/4&#8243;]<div class=\"qode-info-card-with-icon\">\n    <div class=\"qode-icwi-image-icon-holder qode-start-icon-hover\">\n\t\t\t\t\t<a href=\"https:\/\/cocreix.ddgi.cat\/web\/premis-projectat-2\/plego\/\" target=\"_blank\">\n\t\t\t\t\t\t\t<div class=\"qode-icwi-image\">\n\t\t\t\t<img decoding=\"async\" src=\"https:\/\/cocreix.ddgi.cat\/web\/wp-content\/uploads\/2020\/11\/1.Plego-1-e1652272599117.jpg\" alt=\"\" \/>\n\t\t\t<\/div>\n\t\t\t\t<div class=\"qode-icwi-icon-holder\">\n\t\t\t<span class=\"qode-icon-holder qode-icon-circle qode-icon-medium\"  style=\"background-color:rgba(0,0,0,0.01)\" >\n\t\t\t\t\t\t\t<\/span>\n\t\t<\/div>\n\t\t\t\t\t<\/a>\n\t\t\t<\/div>\n\t<div class=\"qode-icwi-text-holder\">\n\t\t\t\t\t<h4 class=\"qode-icwi-title\">\n\t\t\t\tPlego\t\t\t<\/h4>\n\t\t\t\t\t<\/div>\n<\/div>[vc_empty_space height=&#8221;16px&#8221;][\/vc_column][vc_column width=&#8221;1\/4&#8243;]<div class=\"qode-info-card-with-icon\">\n    <div class=\"qode-icwi-image-icon-holder qode-start-icon-hover\">\n\t\t\t\t\t<a href=\"https:\/\/cocreix.ddgi.cat\/web\/premis-projectat-2\/el-xuixo-de-can-castello\/\" target=\"_blank\">\n\t\t\t\t\t\t\t<div class=\"qode-icwi-image\">\n\t\t\t\t<img decoding=\"async\" src=\"https:\/\/cocreix.ddgi.cat\/web\/wp-content\/uploads\/2020\/11\/2.Xuixo-cancastello-1-e1652272700245.jpg\" alt=\"\" \/>\n\t\t\t<\/div>\n\t\t\t\t<div class=\"qode-icwi-icon-holder\">\n\t\t\t<span class=\"qode-icon-holder qode-icon-circle qode-icon-medium\"  style=\"background-color:rgba(0,0,0,0.01)\" >\n\t\t\t\t\t\t\t<\/span>\n\t\t<\/div>\n\t\t\t\t\t<\/a>\n\t\t\t<\/div>\n\t<div class=\"qode-icwi-text-holder\">\n\t\t\t\t\t<h4 class=\"qode-icwi-title\">\n\t\t\t\tEl Xuixo de can Castell\u00f3\t\t\t<\/h4>\n\t\t\t\t\t<\/div>\n<\/div>[vc_empty_space height=&#8221;16px&#8221;][\/vc_column][vc_column width=&#8221;1\/4&#8243;]<div class=\"qode-info-card-with-icon\">\n    <div class=\"qode-icwi-image-icon-holder qode-start-icon-hover\">\n\t\t\t\t\t<a href=\"https:\/\/cocreix.ddgi.cat\/web\/premis-projectat-2\/faind\/\" target=\"_blank\">\n\t\t\t\t\t\t\t<div class=\"qode-icwi-image\">\n\t\t\t\t<img decoding=\"async\" src=\"https:\/\/cocreix.ddgi.cat\/web\/wp-content\/uploads\/2022\/05\/faind-e1652272772753.jpg\" alt=\"\" \/>\n\t\t\t<\/div>\n\t\t\t\t<div class=\"qode-icwi-icon-holder\">\n\t\t\t<span class=\"qode-icon-holder qode-icon-circle qode-icon-medium\"  style=\"background-color:rgba(0,0,0,0.01)\" >\n\t\t\t\t\t\t\t<\/span>\n\t\t<\/div>\n\t\t\t\t\t<\/a>\n\t\t\t<\/div>\n\t<div class=\"qode-icwi-text-holder\">\n\t\t\t\t\t<h4 class=\"qode-icwi-title\">\n\t\t\t\tFaind\t\t\t<\/h4>\n\t\t\t\t\t<\/div>\n<\/div>[vc_empty_space height=&#8221;16px&#8221;][\/vc_column][vc_column width=&#8221;1\/4&#8243;]<div class=\"qode-info-card-with-icon\">\n    <div class=\"qode-icwi-image-icon-holder qode-start-icon-hover\">\n\t\t\t\t\t<a href=\"https:\/\/cocreix.ddgi.cat\/web\/premis-projectat-2\/gestihip\/\" target=\"_blank\">\n\t\t\t\t\t\t\t<div class=\"qode-icwi-image\">\n\t\t\t\t<img decoding=\"async\" src=\"https:\/\/cocreix.ddgi.cat\/web\/wp-content\/uploads\/2020\/11\/gesthip-3-e1652272814605.jpg\" alt=\"\" \/>\n\t\t\t<\/div>\n\t\t\t\t<div class=\"qode-icwi-icon-holder\">\n\t\t\t<span class=\"qode-icon-holder qode-icon-circle qode-icon-medium\"  style=\"background-color:rgba(0,0,0,0.01)\" >\n\t\t\t\t\t\t\t<\/span>\n\t\t<\/div>\n\t\t\t\t\t<\/a>\n\t\t\t<\/div>\n\t<div class=\"qode-icwi-text-holder\">\n\t\t\t\t\t<h4 class=\"qode-icwi-title\">\n\t\t\t\tGesthip\t\t\t<\/h4>\n\t\t\t\t\t<\/div>\n<\/div>[vc_empty_space height=&#8221;16px&#8221;][\/vc_column][\/vc_row][vc_row css_animation=&#8221;&#8221; row_type=&#8221;row&#8221; use_row_as_full_screen_section=&#8221;no&#8221; type=&#8221;grid&#8221; angled_section=&#8221;no&#8221; text_align=&#8221;left&#8221; background_image_as_pattern=&#8221;without_pattern&#8221; css=&#8221;.vc_custom_1605266652555{background-color: #f0f0f0 !important;}&#8221; z_index=&#8221;&#8221;][vc_column width=&#8221;1\/4&#8243;]<div class=\"qode-info-card-with-icon\">\n    <div class=\"qode-icwi-image-icon-holder qode-start-icon-hover\">\n\t\t\t\t\t<a href=\"https:\/\/cocreix.ddgi.cat\/web\/premis-projectat-2\/watelia\/\" target=\"_blank\">\n\t\t\t\t\t\t\t<div class=\"qode-icwi-image\">\n\t\t\t\t<img decoding=\"async\" src=\"https:\/\/cocreix.ddgi.cat\/web\/wp-content\/uploads\/2020\/11\/5.Watelia-1-e1652272927926.jpg\" alt=\"\" \/>\n\t\t\t<\/div>\n\t\t\t\t<div class=\"qode-icwi-icon-holder\">\n\t\t\t<span class=\"qode-icon-holder qode-icon-circle qode-icon-medium\"  style=\"background-color:rgba(0,0,0,0.01)\" >\n\t\t\t\t\t\t\t<\/span>\n\t\t<\/div>\n\t\t\t\t\t<\/a>\n\t\t\t<\/div>\n\t<div class=\"qode-icwi-text-holder\">\n\t\t\t\t\t<h4 class=\"qode-icwi-title\">\n\t\t\t\tWatelia\t\t\t<\/h4>\n\t\t\t\t\t<\/div>\n<\/div>[vc_empty_space height=&#8221;16px&#8221;][\/vc_column][vc_column width=&#8221;1\/4&#8243;]<div class=\"qode-info-card-with-icon\">\n    <div class=\"qode-icwi-image-icon-holder qode-start-icon-hover\">\n\t\t\t\t\t<a href=\"https:\/\/cocreix.ddgi.cat\/web\/premis-projectat-2\/menutsgirona\/\" target=\"_blank\">\n\t\t\t\t\t\t\t<div class=\"qode-icwi-image\">\n\t\t\t\t<img decoding=\"async\" src=\"https:\/\/cocreix.ddgi.cat\/web\/wp-content\/uploads\/2020\/11\/8.menutsGI-2-e1652273331839.jpg\" alt=\"\" \/>\n\t\t\t<\/div>\n\t\t\t\t<div class=\"qode-icwi-icon-holder\">\n\t\t\t<span class=\"qode-icon-holder qode-icon-circle qode-icon-medium\"  style=\"background-color:rgba(0,0,0,0.01)\" >\n\t\t\t\t\t\t\t<\/span>\n\t\t<\/div>\n\t\t\t\t\t<\/a>\n\t\t\t<\/div>\n\t<div class=\"qode-icwi-text-holder\">\n\t\t\t\t\t<h4 class=\"qode-icwi-title\">\n\t\t\t\tMenutsGirona\t\t\t<\/h4>\n\t\t\t\t\t<\/div>\n<\/div>[vc_empty_space height=&#8221;16px&#8221;][\/vc_column][vc_column width=&#8221;1\/4&#8243;]<div class=\"qode-info-card-with-icon\">\n    <div class=\"qode-icwi-image-icon-holder qode-start-icon-hover\">\n\t\t\t\t\t<a href=\"https:\/\/cocreix.ddgi.cat\/web\/premis-projectat-2\/funengo\/\" target=\"_blank\">\n\t\t\t\t\t\t\t<div class=\"qode-icwi-image\">\n\t\t\t\t<img decoding=\"async\" src=\"https:\/\/cocreix.ddgi.cat\/web\/wp-content\/uploads\/2020\/11\/10.Funengo-1-e1652273116275.jpg\" alt=\"\" \/>\n\t\t\t<\/div>\n\t\t\t\t<div class=\"qode-icwi-icon-holder\">\n\t\t\t<span class=\"qode-icon-holder qode-icon-circle qode-icon-medium\"  style=\"background-color:rgba(0,0,0,0.01)\" >\n\t\t\t\t\t\t\t<\/span>\n\t\t<\/div>\n\t\t\t\t\t<\/a>\n\t\t\t<\/div>\n\t<div class=\"qode-icwi-text-holder\">\n\t\t\t\t\t<h4 class=\"qode-icwi-title\">\n\t\t\t\tFunengo\t\t\t<\/h4>\n\t\t\t\t\t<\/div>\n<\/div>[vc_empty_space height=&#8221;16px&#8221;][\/vc_column][vc_column width=&#8221;1\/4&#8243;]<div class=\"qode-info-card-with-icon\">\n    <div class=\"qode-icwi-image-icon-holder qode-start-icon-hover\">\n\t\t\t\t\t<a href=\"https:\/\/cocreix.ddgi.cat\/web\/premis-projectat-2\/mycheftool\/\" target=\"_blank\">\n\t\t\t\t\t\t\t<div class=\"qode-icwi-image\">\n\t\t\t\t<img decoding=\"async\" src=\"https:\/\/cocreix.ddgi.cat\/web\/wp-content\/uploads\/2020\/11\/7.Mycheftool-1-e1652273449601.jpg\" alt=\"\" \/>\n\t\t\t<\/div>\n\t\t\t\t<div class=\"qode-icwi-icon-holder\">\n\t\t\t<span class=\"qode-icon-holder qode-icon-circle qode-icon-medium\"  style=\"background-color:rgba(0,0,0,0.01)\" >\n\t\t\t\t\t\t\t<\/span>\n\t\t<\/div>\n\t\t\t\t\t<\/a>\n\t\t\t<\/div>\n\t<div class=\"qode-icwi-text-holder\">\n\t\t\t\t\t<h4 class=\"qode-icwi-title\">\n\t\t\t\tMyChefTool\t\t\t<\/h4>\n\t\t\t\t\t<\/div>\n<\/div>[vc_empty_space height=&#8221;16px&#8221;][\/vc_column][\/vc_row][vc_row css_animation=&#8221;&#8221; row_type=&#8221;row&#8221; use_row_as_full_screen_section=&#8221;no&#8221; type=&#8221;grid&#8221; angled_section=&#8221;no&#8221; text_align=&#8221;left&#8221; background_image_as_pattern=&#8221;without_pattern&#8221; css=&#8221;.vc_custom_1605266652555{background-color: #f0f0f0 !important;}&#8221; z_index=&#8221;&#8221;][vc_column width=&#8221;1\/4&#8243;]<div class=\"qode-info-card-with-icon\">\n    <div class=\"qode-icwi-image-icon-holder qode-start-icon-hover\">\n\t\t\t\t\t<a href=\"https:\/\/cocreix.ddgi.cat\/web\/premis-projectat-2\/optocat\/\" target=\"_blank\">\n\t\t\t\t\t\t\t<div class=\"qode-icwi-image\">\n\t\t\t\t<img decoding=\"async\" src=\"https:\/\/cocreix.ddgi.cat\/web\/wp-content\/uploads\/2020\/11\/6.Optocat-1-e1652273015255.jpg\" alt=\"\" \/>\n\t\t\t<\/div>\n\t\t\t\t<div class=\"qode-icwi-icon-holder\">\n\t\t\t<span class=\"qode-icon-holder qode-icon-circle qode-icon-medium\"  style=\"background-color:rgba(0,0,0,0.01)\" >\n\t\t\t\t\t\t\t<\/span>\n\t\t<\/div>\n\t\t\t\t\t<\/a>\n\t\t\t<\/div>\n\t<div class=\"qode-icwi-text-holder\">\n\t\t\t\t\t<h4 class=\"qode-icwi-title\">\n\t\t\t\tCentre d\u2019Optometria de Catalunya\t\t\t<\/h4>\n\t\t\t\t\t<\/div>\n<\/div>[vc_empty_space height=&#8221;16px&#8221;][\/vc_column][vc_column width=&#8221;1\/4&#8243;]<div class=\"qode-info-card-with-icon\">\n    <div class=\"qode-icwi-image-icon-holder qode-start-icon-hover\">\n\t\t\t\t\t<a href=\"https:\/\/cocreix.ddgi.cat\/web\/premis-projectat-2\/undos\/\" target=\"_blank\">\n\t\t\t\t\t\t\t<div class=\"qode-icwi-image\">\n\t\t\t\t<img decoding=\"async\" src=\"https:\/\/cocreix.ddgi.cat\/web\/wp-content\/uploads\/2020\/11\/4.undos-1-e1652273258772.jpg\" alt=\"\" \/>\n\t\t\t<\/div>\n\t\t\t\t<div class=\"qode-icwi-icon-holder\">\n\t\t\t<span class=\"qode-icon-holder qode-icon-circle qode-icon-medium\"  style=\"background-color:rgba(0,0,0,0.01)\" >\n\t\t\t\t\t\t\t<\/span>\n\t\t<\/div>\n\t\t\t\t\t<\/a>\n\t\t\t<\/div>\n\t<div class=\"qode-icwi-text-holder\">\n\t\t\t\t\t<h4 class=\"qode-icwi-title\">\n\t\t\t\tUndos, arquitectura cooperativa\t\t\t<\/h4>\n\t\t\t\t\t<\/div>\n<\/div>[vc_empty_space height=&#8221;16px&#8221;][\/vc_column][\/vc_row][vc_row css_animation=&#8221;&#8221; row_type=&#8221;row&#8221; use_row_as_full_screen_section=&#8221;no&#8221; type=&#8221;grid&#8221; angled_section=&#8221;no&#8221; text_align=&#8221;left&#8221; background_image_as_pattern=&#8221;without_pattern&#8221; css=&#8221;.vc_custom_1624271918164{padding-top: 100px !important;padding-bottom: 40px !important;background-color: #ffffff !important;}&#8221; z_index=&#8221;&#8221; el_id=&#8221;menubases&#8221; el_class=&#8221;noDisplay&#8221;][vc_column][vc_column_text]<\/p>\n<h2>Bases<\/h2>\n<p>[\/vc_column_text][\/vc_column][\/vc_row][vc_row css_animation=&#8221;&#8221; row_type=&#8221;row&#8221; use_row_as_full_screen_section=&#8221;no&#8221; type=&#8221;grid&#8221; angled_section=&#8221;no&#8221; text_align=&#8221;left&#8221; background_image_as_pattern=&#8221;without_pattern&#8221; css=&#8221;.vc_custom_1624271922116{padding-bottom: 40px !important;background-color: #ffffff !important;}&#8221; z_index=&#8221;&#8221; el_class=&#8221;noDisplay&#8221;][vc_column width=&#8221;1\/2&#8243;][vc_column_text]<\/p>\n<h3>Qui hi pot optar?<\/h3>\n<p>[\/vc_column_text][vc_empty_space height=&#8221;24px&#8221;][vc_column_text]<strong>Empreses <\/strong>que s\u2019hagin constitu\u00eft, com a m\u00e0xim, cinc anys abans de la data de publicaci\u00f3 de la convocat\u00f2ria dels premis Projecta\u2019t. Es considerar\u00e0 com a data de constituci\u00f3 la que consti a l\u2019escriptura de constituci\u00f3 de la societat o als documents de constituci\u00f3. L\u2019empresa ha de tenir identificat un repte i\/o oportunitat de millora i ha de justificar la necessitat d\u2019un suport extern per orientar la seva estrat\u00e8gia empresarial.<\/p>\n<p>&nbsp;<\/p>\n<p><strong>Treballadors aut\u00f2noms<\/strong> que hagin estat donats d\u2019alta al r\u00e8gim d\u2019aut\u00f2noms com a m\u00e0xim tres anys abans de la data de publicaci\u00f3 de la convocat\u00f2ria dels premis Projecta\u2019t. L\u2019aut\u00f2nom ha de tenir identificat un repte i\/o oportunitat de millora que impliqui el comprom\u00eds, a curt termini, de constituir-se com a empresa i ha de justificar la necessitat d\u2019un suport extern per assolir-ho. L\u2019activitat objecte de la sol\u00b7licitud ha de ser l\u2019activitat principal del treballador aut\u00f2nom.<\/p>\n<p>&nbsp;<\/p>\n<p>Les empreses i treballadors aut\u00f2noms que s\u2019hi presentin han de tenir <strong>el <\/strong><strong>domicili fiscal i el centre de treball a la demarcaci\u00f3 de Girona <\/strong>i han d\u2019haver identificat reptes o oportunitats de millora que, per mitj\u00e0 d\u2019un suport extern, els ajudi a orientar la seva estrat\u00e8gia empresarial.[\/vc_column_text][vc_empty_space height=&#8221;35px&#8221;]\n\n\t<a href=\"https:\/\/ssl4.ddgi.cat\/bopV1\/pdf\/2019\/83\/20198303279.pdf\" target=\"_blank\" style=\"color: #ffffff;background-color: #e3000f\" class=\"qode-btn qode-btn-medium qode-btn-solid qode-btn-custom-hover-bg qode-btn-custom-hover-color qode-btn-custom-icon-bg-hover-color qode-btn-icon noDisplay qodef-btn-icon-square qode-btn-icon-rotate\" data-hover-bg-color=\"#000000\" data-hover-color=\"#ffffff\" >\n\t    <span class=\"qode-btn-text\">Descarregueu-vos les bases<\/span><span class=\"qode-button-v2-icon-holder\" style=\"font-size: 20px;background-color: #e3000f\" data-hover-icon-border-color=\"#000000\" data-hover-icon-bg-color=\"#000000\"><span aria-hidden=\"true\" class=\"qode_icon_font_elegant icon_plus qode-button-v2-icon-holder-inner\" ><\/span><\/span>\t<\/a>\n\n[vc_empty_space height=&#8221;58px&#8221;][\/vc_column][vc_column width=&#8221;1\/2&#8243;][vc_column_text]<\/p>\n<h3>En qu\u00e8 consisteixen els premis?<\/h3>\n<p>[\/vc_column_text][vc_empty_space height=&#8221;24px&#8221;][vc_column_text]Es premiaran 10 iniciatives, que obtindran un acompanyament de <strong>sis mesos<\/strong>, en qu\u00e8 rebran fins a <strong>40 hores<\/strong> d\u2019assessorament personalitzat d\u2019un o m\u00e9s consultors experts\u00a0 sobre els \u00e0mbits que necessitin (legal, ambiental, m\u00e0rqueting, vendes, tecnologia, etc.) per dur a terme la iniciativa empresarial.[\/vc_column_text][vc_empty_space height=&#8221;35px&#8221;][vc_column_text]<\/p>\n<h3>Qu\u00e8 es valorar\u00e0?<\/h3>\n<p>[\/vc_column_text][vc_empty_space height=&#8221;24px&#8221;][vc_column_text]De les candidatures presentades es valorar\u00e0 l\u2019activitat i la traject\u00f2ria empresarial, la capacitat per generar un impacte econ\u00f2mic i social, el repte i\/o oportunitat de millora i la justificaci\u00f3 de la necessitat d\u2019un mentor que contribueixi al seu creixement.<\/p>\n<p>&nbsp;<\/p>\n<p>Consulteu els barems de puntuaci\u00f3 a les bases (apartat 9) i a la convocat\u00f2ria (apartat 2) publicades al <em>Butllet\u00ed Oficial de la Prov\u00edncia de Girona<\/em>.[\/vc_column_text][vc_empty_space height=&#8221;35px&#8221;]\n\n\t<a href=\"https:\/\/ssl4.ddgi.cat\/bopV1\/pdf\/2020\/40\/20204001456.pdf\" target=\"_blank\" style=\"color: #ffffff;background-color: #e3000f\" class=\"qode-btn qode-btn-medium qode-btn-solid qode-btn-custom-hover-bg qode-btn-custom-hover-color qode-btn-custom-icon-bg-hover-color qode-btn-icon qodef-btn-icon-square qode-btn-icon-rotate\" data-hover-bg-color=\"#000000\" data-hover-color=\"#ffffff\" >\n\t    <span class=\"qode-btn-text\">Consulteu les bases<\/span><span class=\"qode-button-v2-icon-holder\" style=\"font-size: 20px;background-color: #e3000f\" data-hover-icon-border-color=\"#000000\" data-hover-icon-bg-color=\"#000000\"><span aria-hidden=\"true\" class=\"qode_icon_font_elegant icon_plus qode-button-v2-icon-holder-inner\" ><\/span><\/span>\t<\/a>\n\n[vc_empty_space height=&#8221;58px&#8221;][\/vc_column][\/vc_row][vc_row css_animation=&#8221;&#8221; row_type=&#8221;row&#8221; use_row_as_full_screen_section=&#8221;no&#8221; type=&#8221;grid&#8221; angled_section=&#8221;no&#8221; text_align=&#8221;left&#8221; background_image_as_pattern=&#8221;without_pattern&#8221; css=&#8221;.vc_custom_1624271928424{padding-bottom: 80px !important;background-color: #ffffff !important;}&#8221; z_index=&#8221;&#8221; el_class=&#8221;noDisplay&#8221;][vc_column width=&#8221;1\/2&#8243;][vc_column_text]<\/p>\n<h3>Com es desenvolupar\u00e0 el programa?<\/h3>\n<p>[\/vc_column_text][vc_empty_space height=&#8221;24px&#8221;][vc_column_text]Tindr\u00e0 tres fases i es dur\u00e0 a terme al llarg de 6 mesos.<strong>\u00a0<\/strong><\/p>\n<p>&nbsp;<\/p>\n<p><strong>Fase de detecci\u00f3 2020<\/strong><\/p>\n<ul>\n<li>S\u2019assignar\u00e0 un tutor.<\/li>\n<li>Es detectaran les necessitats d\u2019assessorament.<\/li>\n<li>Es buscar\u00e0 l\u2019expert m\u00e9s adient.<\/li>\n<\/ul>\n<p>&nbsp;<\/p>\n<p><strong>Fase d\u2019assessorament 2020-2021<\/strong><\/p>\n<ul>\n<li>S\u2019establir\u00e0 el pla de treball.<\/li>\n<li>S\u2019executar\u00e0 l\u2019assessorament.<\/li>\n<\/ul>\n<p>&nbsp;<\/p>\n<p><strong>Fase de presentaci\u00f3 2021<\/strong><\/p>\n<ul>\n<li>S\u2019organitzar\u00e0 una jornada de treball en xarxa entre tots els premiats<\/li>\n<\/ul>\n<p>[\/vc_column_text][vc_empty_space height=&#8221;58px&#8221;][\/vc_column][vc_column width=&#8221;1\/2&#8243;][vc_column_text]<\/p>\n<h3>Com i quan s\u2019hi pot participar?<\/h3>\n<p>[\/vc_column_text][vc_empty_space height=&#8221;24px&#8221;][vc_column_text]Els candidats han de presentar la sol\u00b7licitud a la Diputaci\u00f3 de Girona pel canal electr\u00f2nic designat i seguint els criteris marcats a les bases i a la convocat\u00f2ria dels Premis Projecta\u2019t.<\/p>\n<p>&nbsp;<\/p>\n<p>La convocat\u00f2ria s\u2019obrir\u00e0 el dia 19 de juny de 2020 i s\u2019anunciar\u00e0 al <em>Butllet\u00ed Oficial de la Prov\u00edncia de Girona<\/em> (<em>BOPG<\/em>). A partir de l\u2019endem\u00e0 de l\u2019obertura de la convocat\u00f2ria, hi haur\u00e0 trenta dies naturals per presentar les candidatures als Premis Projecta\u2019t.<\/p>\n<p>&nbsp;<\/p>\n<p>Termini de presentaci\u00f3: <strong>del 20 de juny al 19 de juliol de 2020<\/strong>[\/vc_column_text][vc_empty_space height=&#8221;58px&#8221;][\/vc_column][\/vc_row][vc_row css_animation=&#8221;&#8221; row_type=&#8221;row&#8221; use_row_as_full_screen_section=&#8221;no&#8221; type=&#8221;grid&#8221; angled_section=&#8221;no&#8221; text_align=&#8221;left&#8221; background_image_as_pattern=&#8221;without_pattern&#8221; css=&#8221;.vc_custom_1624271885578{padding-top: 100px !important;padding-bottom: 140px !important;background-color: #f0f0f0 !important;}&#8221; el_id=&#8221;menuinscripcions&#8221; z_index=&#8221;&#8221; el_class=&#8221;noDisplay&#8221;][vc_column][vc_column_text]<\/p>\n<h2>Sol\u00b7licituds<\/h2>\n<p>[\/vc_column_text][vc_empty_space height=&#8221;24px&#8221;][vc_column_text el_class=&#8221;estil_projectat_llista&#8221;]Les sol\u00b7licituds s\u2019han de presentar a la Diputaci\u00f3, en el termini que s\u2019estableixi en la convocat\u00f2ria, pel canal electr\u00f2nic o telem\u00e0tic, a trav\u00e9s de l\u2019aplicaci\u00f3 \u00abTr\u00e0mit de subvencions per a entitats, empresa i ciutadania\u00bb de l\u2019apartat de Promoci\u00f3 i Desenvolupament Econ\u00f2mic Local i seguint els passos que figuren en aquesta aplicaci\u00f3 de subvencions.<\/p>\n<p>&nbsp;<\/p>\n<p>Cal formular les sol\u00b7licituds mitjan\u00e7ant el model normalitzat disponible al web de la Diputaci\u00f3 de Girona, acompanyat de la documentaci\u00f3 annexa seg\u00fcent:<\/p>\n<p>&nbsp;<\/p>\n<ol>\n<li>Fotocopia del DNI del representant legal de l\u2019empresa o del treballador aut\u00f2nom.<\/li>\n<li>Fotoc\u00f2pia de l\u2019escriptura de constituci\u00f3 de l\u2019empresa i de les modificacions posteriors dels estatuts fundacionals, si s\u2019escau.<\/li>\n<li>En cas de ser treballador aut\u00f2nom, cal presentar el duplicat de la resoluci\u00f3 d\u2019alta en el r\u00e8gim especial de treballadors per compte propi o aut\u00f2noms.<\/li>\n<li>Fotoc\u00f2pia del NIF de l\u2019empresa.<\/li>\n<li>Es pot presentar qualsevol altra informaci\u00f3 que expliqui o justifiqui el compliment dels factors de m\u00e8rits que el jurat ha de valorar d\u2019acord amb les bases corresponents.<\/li>\n<\/ol>\n<p>&nbsp;<\/p>\n<p>Les sol\u00b7licituds, emplenades degudament, han d\u2019estar signades digitalment per la persona que representi legalment l\u2019empresa\/aut\u00f2nom..[\/vc_column_text][vc_empty_space height=&#8221;35px&#8221;]\n\n\t<a href=\"http:\/\/www.ddgi.cat\/web\/servei\/5701\/convocatoria-per-participar-als-premis-projecta-t--formacio--mentoria-i-tutoritzacio-per-a-emprenedors-de-la-demarcacio-de-girona-2020\" target=\"_blank\" style=\"color: #ffffff;background-color: #e3000f\" class=\"qode-btn qode-btn-medium qode-btn-solid qode-btn-custom-hover-bg qode-btn-custom-hover-color qode-btn-custom-icon-bg-hover-color qode-btn-icon qodef-btn-icon-square qode-btn-icon-rotate\" data-hover-bg-color=\"#000000\" data-hover-color=\"#ffffff\" >\n\t    <span class=\"qode-btn-text\">Iniciar sol\u00b7licitud<\/span><span class=\"qode-button-v2-icon-holder\" style=\"font-size: 20px;background-color: #e3000f\" data-hover-icon-border-color=\"#000000\" data-hover-icon-bg-color=\"#000000\"><span aria-hidden=\"true\" class=\"qode_icon_font_elegant icon_plus qode-button-v2-icon-holder-inner\" ><\/span><\/span>\t<\/a>\n\n[\/vc_column][\/vc_row][vc_row css_animation=&#8221;&#8221; row_type=&#8221;row&#8221; use_row_as_full_screen_section=&#8221;no&#8221; type=&#8221;grid&#8221; angled_section=&#8221;no&#8221; text_align=&#8221;left&#8221; background_image_as_pattern=&#8221;without_pattern&#8221; css=&#8221;.vc_custom_1655379725214{padding-top: 70px !important;padding-bottom: 140px !important;background-color: #ffffff !important;}&#8221; z_index=&#8221;&#8221;][vc_column width=&#8221;2\/3&#8243;][vc_empty_space height=&#8221;35px&#8221;][vc_column_text]<\/p>\n<h3>Notes de premsa<\/h3>\n<p>[\/vc_column_text][vc_empty_space height=&#8221;24px&#8221;][vc_column_text css=&#8221;.vc_custom_1624272191510{margin-top: 0px !important;margin-right: 0px !important;margin-bottom: 0px !important;margin-left: 0px !important;padding-top: 0px !important;padding-right: 0px !important;padding-bottom: 0px !important;padding-left: 0px !important;}&#8221;]<\/p>\n<table>\n<tbody>\n<tr>\n<td style=\"text-align: left; width: 10%;\"><em>17\/06\/2020<\/em><\/td>\n<td style=\"width: 2%; text-align: center;\"><em> \u00b7 <\/em><\/td>\n<td style=\"text-align: left; width: 88%;\"><a href=\"http:\/\/www.ddgi.cat\/web\/noticia\/9467\/la-diputacio-segueix-amb-l-impuls-de-l-emprenedoria-en-la-segona-edicio-dels-premis-projecta-t\" target=\"_blank\" rel=\"noopener noreferrer\">La Diputaci\u00f3 segueix amb l&#8217;impuls de l&#8217;emprenedoria en la segona edici\u00f3 dels Premis Projecta&#8217;t<\/a><\/td>\n<\/tr>\n<tr>\n<td style=\"text-align: left; width: 10%;\"><em>16\/11\/2020<\/em><\/td>\n<td style=\"width: 2%; text-align: center;\"><em> \u00b7 <\/em><\/td>\n<td style=\"text-align: left; width: 88%;\"><a href=\"http:\/\/www.ddgi.cat\/web\/noticia\/10123\/els-premis-projecta-t-de-la-diputacio-de-girona-impulsen-deu-empreses-de-la-demarcacio\" target=\"_blank\" rel=\"noopener noreferrer\">Els premis Projecta&#8217;t de la Diputaci\u00f3 de Girona impulsen deu empreses de la demarcaci\u00f3<\/a><\/td>\n<\/tr>\n<tr>\n<td style=\"text-align: left; width: 10%;\"><em>17\/06\/2021<\/em><\/td>\n<td style=\"width: 2%; text-align: center;\"><em> \u00b7 <\/em><\/td>\n<td style=\"text-align: left; width: 88%;\"><a href=\"https:\/\/www.ddgi.cat\/web\/noticia\/11553\/la-segona-edicio-dels-premis-projecta-t-premien-la-digitalitzacio-i-la-internacionalitzacio\" target=\"_blank\" rel=\"noopener noreferrer\">La segona edici\u00f3 dels premis Projecta&#8217;t premien la digitalitzaci\u00f3 i la internacionalitzaci\u00f3<\/a><\/td>\n<\/tr>\n<\/tbody>\n<\/table>\n<p>[\/vc_column_text][vc_empty_space height=&#8221;35px&#8221;][\/vc_column][vc_column width=&#8221;1\/3&#8243;][vc_empty_space height=&#8221;35px&#8221;][vc_column_text]<\/p>\n<h3>Xarxes socials<\/h3>\n<p>[\/vc_column_text][vc_empty_space height=&#8221;24px&#8221;][vc_column_text]Seguiu l\u2019actualitat dels Premis Projecta\u2019t per mitj\u00e0 de l\u2019etiqueta #PremisProjectat.[\/vc_column_text][vc_empty_space height=&#8221;35px&#8221;]<span class='q_social_icon_holder square_social' data-color=#ffffff data-hover-background-color=#000000 data-hover-color=#ffffff><a itemprop='url' href='https:\/\/twitter.com\/hashtag\/PremisProjectat'   target='_blank'><span  class='fa-stack fa-lg' style='background-color: #e3000f;'><i class=\"qode_icon_font_awesome fa fa-twitter \" style=\"color: #ffffff;\" ><\/i><span class='sr-only'>https:\/\/twitter.com\/hashtag\/PremisProjectat<\/span><\/span><\/a><\/span><span class='q_social_icon_holder square_social' data-color=#ffffff data-hover-background-color=#000000 data-hover-color=#ffffff><a itemprop='url' href='https:\/\/www.linkedin.com\/feed\/hashtag\/?keywords=%23PremisProjectat'   target='_blank'><span  class='fa-stack fa-lg' style='background-color: #e3000f;'><i class=\"qode_icon_font_awesome fa fa-linkedin \" style=\"color: #ffffff;\" ><\/i><span class='sr-only'>https:\/\/www.linkedin.com\/feed\/hashtag\/?keywords=%23PremisProjectat<\/span><\/span><\/a><\/span><span class='q_social_icon_holder square_social' data-color=#ffffff data-hover-background-color=#000000 data-hover-color=#ffffff><a itemprop='url' href='https:\/\/www.facebook.com\/hashtag\/PremisProjectat'   target='_blank'><span  class='fa-stack fa-lg' style='background-color: #e3000f;'><i class=\"qode_icon_font_awesome fa fa-facebook \" style=\"color: #ffffff;\" ><\/i><span class='sr-only'>https:\/\/www.facebook.com\/hashtag\/PremisProjectat<\/span><\/span><\/a><\/span><span class='q_social_icon_holder square_social' data-color=#ffffff data-hover-background-color=#000000 data-hover-color=#ffffff><a itemprop='url' href='https:\/\/www.instagram.com\/explore\/tags\/PremisProjectat\/'   target='_blank'><span  class='fa-stack fa-lg' style='background-color: #e3000f;'><i class=\"qode_icon_font_awesome fa fa-instagram \" style=\"color: #ffffff;\" ><\/i><span class='sr-only'>https:\/\/www.instagram.com\/explore\/tags\/PremisProjectat\/<\/span><\/span><\/a><\/span><span class='q_social_icon_holder square_social' data-color=#ffffff data-hover-background-color=#000000 data-hover-color=#ffffff><a itemprop='url' href='https:\/\/www.youtube.com\/results?search_query=PremisProjectat'   target='_blank'><span  class='fa-stack fa-lg' style='background-color: #e3000f;'><i class=\"qode_icon_font_awesome fa fa-youtube \" style=\"color: #ffffff;\" ><\/i><span class='sr-only'>https:\/\/www.youtube.com\/results?search_query=PremisProjectat<\/span><\/span><\/a><\/span>[\/vc_column][\/vc_row]<\/p>\n<\/div>","protected":false},"excerpt":{"rendered":"<p>[vc_row css_animation=&#8221;&#8221; row_type=&#8221;row&#8221; use_row_as_full_screen_section=&#8221;no&#8221; type=&#8221;grid&#8221; angled_section=&#8221;no&#8221; text_align=&#8221;left&#8221; background_image_as_pattern=&#8221;without_pattern&#8221; css=&#8221;.vc_custom_1559909607249{padding-top: 103px !important;padding-bottom: 80px !important;background-color: #ffffff !important;}&#8221; el_id=&#8221;menuinici&#8221; z_index=&#8221;&#8221;][vc_column width=&#8221;1\/2&#8243;][vc_column_text] Premis Projecta&#8217;t [\/vc_column_text][vc_column_text] Convocat\u00f2ria tancada el mes de juliol del 2020 [\/vc_column_text][vc_empty_space height=&#8221;27px&#8221;][vc_column_text]La Diputaci\u00f3 de Girona va convocar la segona edici\u00f3 dels Premis Projecta\u2019t amb l\u2019objectiu d\u2019impulsar&#8230;<\/p>\n","protected":false},"author":1,"featured_media":0,"parent":0,"menu_order":0,"comment_status":"closed","ping_status":"closed","template":"full_width.php","meta":{"inline_featured_image":false,"footnotes":""},"class_list":["post-461","page","type-page","status-publish","hentry"],"_links":{"self":[{"href":"https:\/\/cocreix.ddgi.cat\/web\/wp-json\/wp\/v2\/pages\/461","targetHints":{"allow":["GET"]}}],"collection":[{"href":"https:\/\/cocreix.ddgi.cat\/web\/wp-json\/wp\/v2\/pages"}],"about":[{"href":"https:\/\/cocreix.ddgi.cat\/web\/wp-json\/wp\/v2\/types\/page"}],"author":[{"embeddable":true,"href":"https:\/\/cocreix.ddgi.cat\/web\/wp-json\/wp\/v2\/users\/1"}],"replies":[{"embeddable":true,"href":"https:\/\/cocreix.ddgi.cat\/web\/wp-json\/wp\/v2\/comments?post=461"}],"version-history":[{"count":40,"href":"https:\/\/cocreix.ddgi.cat\/web\/wp-json\/wp\/v2\/pages\/461\/revisions"}],"predecessor-version":[{"id":17606,"href":"https:\/\/cocreix.ddgi.cat\/web\/wp-json\/wp\/v2\/pages\/461\/revisions\/17606"}],"wp:attachment":[{"href":"https:\/\/cocreix.ddgi.cat\/web\/wp-json\/wp\/v2\/media?parent=461"}],"curies":[{"name":"wp","href":"https:\/\/api.w.org\/{rel}","templated":true}]}}