{"id":18415,"date":"2024-04-22T16:25:53","date_gmt":"2024-04-22T14:25:53","guid":{"rendered":"https:\/\/cocreix.ddgi.cat\/web\/?page_id=18415"},"modified":"2026-01-30T14:58:21","modified_gmt":"2026-01-30T12:58:21","slug":"assessorament-projectat","status":"publish","type":"page","link":"https:\/\/cocreix.ddgi.cat\/web\/assessorament-projectat\/","title":{"rendered":"Assessorament empresarial Projecta&#8217;t"},"content":{"rendered":"<div class=\"wpb-content-wrapper\"><p>[vc_row css_animation=&#8221;&#8221; row_type=&#8221;row&#8221; use_row_as_full_screen_section=&#8221;no&#8221; type=&#8221;grid&#8221; angled_section=&#8221;no&#8221; text_align=&#8221;left&#8221; background_image_as_pattern=&#8221;without_pattern&#8221; css=&#8221;.vc_custom_1657864030248{background-color: #ffffff !important;}&#8221; el_id=&#8221;menuinici&#8221; z_index=&#8221;&#8221;][vc_column width=&#8221;1\/2&#8243;][vc_empty_space height=&#8221;70px&#8221;][vc_column_text]<\/p>\n<h2>Projecta&#8217;t<\/h2>\n<p>[\/vc_column_text][vc_column_text]<\/p>\n<h4>Assessorament empresarial<\/h4>\n<p>[\/vc_column_text][vc_empty_space height=&#8221;27px&#8221;][vc_column_text]La Diputaci\u00f3 de Girona posa a l\u2019abast de les entitats de la <a href=\"https:\/\/promoeco.ddgi.cat\/xslpe\/xarxa-de-serveis-locals-de-promocio-economica\/\">Xarxa de Serveis Locals de Promoci\u00f3 Econ\u00f2mica (XSLPE)<\/a> un servei d\u2019assessorament empresarial adre\u00e7at al seu teixit productiu amb l\u2019objectiu d\u2019impulsar-ne el creixement.<\/p>\n<p>Poden participar-hi les empreses i treballadors aut\u00f2noms que han estat atesos per una entitat de la XSLPE i que volen executar una acci\u00f3 per fer cr\u00e9ixer el seu negoci.<\/p>\n<p>Els participants poden rebre fins a 25 hores d\u2019assessorament personalitzat en diversos \u00e0mbits empresarials.[\/vc_column_text][\/vc_column][vc_column width=&#8221;1\/2&#8243;][vc_empty_space height=&#8221;70px&#8221;]<div class=\"qode_video_box\">\r\n\t<a itemprop=\"image\" class=\"qode_video_image\" href=\"https:\/\/youtu.be\/q6OZBIC3tcM\" data-rel=\"prettyPhoto\">\r\n\t\t\t\r\n\t\t\t<img decoding=\"async\" src=\"https:\/\/cocreix.ddgi.cat\/web\/wp-content\/uploads\/2024\/04\/Captura.jpg\" alt=\"https:\/\/youtu.be\/q6OZBIC3tcM\" \/>\r\n\t\t\t<span class=\"qode_video_box_button_holder\">\r\n\t\t\t\t<span class=\"qode_video_box_button\">\r\n\t\t\t\t\t<span class=\"qode_video_box_button_arrow\">\r\n\t\t\t\t\t<\/span>\r\n\t\t\t\t<\/span>\r\n\t\t\t<\/span>\r\n\t\t\t<\/a>\r\n<\/div>[vc_empty_space height=&#8221;70px&#8221;][\/vc_column][\/vc_row][vc_row css_animation=&#8221;&#8221; row_type=&#8221;row&#8221; use_row_as_full_screen_section=&#8221;no&#8221; type=&#8221;grid&#8221; angled_section=&#8221;no&#8221; text_align=&#8221;left&#8221; background_image_as_pattern=&#8221;without_pattern&#8221; css=&#8221;.vc_custom_1657864558864{background-color: #f0f0f0 !important;}&#8221; z_index=&#8221;&#8221;][vc_column][vc_empty_space height=&#8221;50px&#8221;][\/vc_column][\/vc_row][vc_row css_animation=&#8221;&#8221; row_type=&#8221;row&#8221; use_row_as_full_screen_section=&#8221;no&#8221; type=&#8221;grid&#8221; angled_section=&#8221;no&#8221; text_align=&#8221;left&#8221; background_image_as_pattern=&#8221;without_pattern&#8221; css=&#8221;.vc_custom_1705672923110{background-color: #f0f0f0 !important;}&#8221; z_index=&#8221;&#8221;][vc_column][vc_column_text]<\/p>\n<h4>A qui s\u2019adre\u00e7a<\/h4>\n<p>[\/vc_column_text][vc_empty_space height=&#8221;30px&#8221;][vc_column_text]A les <span style=\"text-decoration: underline;\">empreses i treballadors aut\u00f2noms<\/span> que han estat atesos per una entitat de la XSLPE i que volen executar una acci\u00f3 per fer cr\u00e9ixer el seu negoci, per\u00f2 necessiten l\u2019assessorament personalitzat d\u2019un expert que els ajudi a orientar l\u2019estrat\u00e8gia que cal seguir.<\/p>\n<p>[\/vc_column_text][vc_empty_space height=&#8221;50px&#8221;][vc_column_text]<\/p>\n<h4>Accions de creixement que es poden presentar<\/h4>\n<p>[\/vc_column_text][vc_empty_space height=&#8221;30px&#8221;][vc_column_text]L\u2019acci\u00f3 de creixement ha de ser fruit d\u2019un proc\u00e9s, previ a la sol\u00b7licitud, en el qual l\u2019empresa ha analitzat el mercat i ha detectat una oportunitat per impulsar el negoci. Aquesta acci\u00f3 ha d\u2019estar degudament justificada en el formulari de sol\u00b7licitud, quantitativament i qualitativament, i ha de tenir com a finalitat un increment de les vendes, noves inversions o la contractaci\u00f3 de personal.<\/p>\n<p>Aquestes accions poden ser:<\/p>\n<ul>\n<li style=\"list-style-type: none;\">\n<ul>\n<li><u>Acc\u00e9s a nous mercats nacionals o internacionals:<\/u> cal identificar el mercat de dest\u00ed i el producte que es vol comercialitzar, a m\u00e9s de justificar l\u2019oportunitat de creixement que s\u2019ha detectat.<\/li>\n<li><u>Entrada a nous sectors d\u2019activitat:<\/u> cal identificar el sector de dest\u00ed i el producte que es vol comercialitzar, a m\u00e9s de justificar l\u2019oportunitat de creixement que s\u2019ha detectat.<\/li>\n<li><u>Comercialitzaci\u00f3 de nous productes i\/o serveis:<\/u> el producte i\/o servei ha d\u2019estar desenvolupat en el moment de la sol\u00b7licitud i s\u2019ha de justificar l\u2019oportunitat de creixement que s\u2019ha detectat. No s\u2019admetran sol\u00b7licituds amb productes que no estiguin desenvolupats (prototips, idees, conceptes, etc.)<\/li>\n<li><u>Creaci\u00f3 de nous canals de venda:<\/u> cal identificar el canal de venda al qual es vol accedir, a m\u00e9s de justificar l\u2019oportunitat de creixement que s\u2019ha identificat.<\/li>\n<li><u>L\u2019acc\u00e9s a nous clients:<\/u> cal identificar el client al qual es vol dirigir l\u2019estrat\u00e8gia, a m\u00e9s de justificar l\u2019oportunitat de creixement que s\u2019ha identificat.<\/li>\n<li><u>Implementaci\u00f3 de nous models de gesti\u00f3:<\/u> cal identificar l\u2019\u00e0rea de l\u2019organitzaci\u00f3 on \u00e9s necess\u00e0ria aquesta implementaci\u00f3 i s\u2019ha de justificar el creixement esperat.<\/li>\n<\/ul>\n<\/li>\n<\/ul>\n<p>[\/vc_column_text][vc_empty_space height=&#8221;50px&#8221;][vc_column_text]<\/p>\n<h4>En qu\u00e8 consisteix<\/h4>\n<p>[\/vc_column_text][vc_empty_space height=&#8221;30px&#8221;][vc_column_text]Els participants poden rebre un acompanyament de fins a sis mesos, per mitj\u00e0 del qual disposaran d\u2019un m\u00e0xim de 25 hores d\u2019assessorament especialitzat en els \u00e0mbits de treball seg\u00fcents:<u><\/u>[\/vc_column_text][vc_empty_space height=&#8221;20px&#8221;][\/vc_column][\/vc_row][vc_row css_animation=&#8221;&#8221; row_type=&#8221;row&#8221; use_row_as_full_screen_section=&#8221;no&#8221; type=&#8221;grid&#8221; angled_section=&#8221;no&#8221; text_align=&#8221;left&#8221; background_image_as_pattern=&#8221;without_pattern&#8221; css=&#8221;.vc_custom_1657864555249{background-color: #f0f0f0 !important;}&#8221; z_index=&#8221;&#8221;][vc_column width=&#8221;4\/5&#8243;]<div class='q_icon_with_title tiny custom_icon_image '><div class=\"icon_holder \" style=\" \"><img decoding=\"async\" itemprop=\"image\" style=\"\" src=\"https:\/\/cocreix.ddgi.cat\/web\/wp-content\/uploads\/2024\/03\/budget.png\" alt=\"\"><\/div><div class=\"icon_text_holder\" style=\"\"><div class=\"icon_text_inner\" style=\"\"><h5 class=\"icon_title\" style=\"color: #af2827;\">Gesti\u00f3 econ\u00f2mica<\/h5><p style=''>Realitzaci\u00f3 d\u2019una an\u00e0lisi de la situaci\u00f3 econ\u00f2mica actual i desenvolupament d\u2019accions per a la millora de la rendibilitat; optimitzaci\u00f3 de la gesti\u00f3 dels preus, els marges i l\u2019estructura de costos per incrementar la rendibilitat i\/o accedir a mercats m\u00e9s competitius.<\/p><\/div><\/div><\/div>[\/vc_column][\/vc_row][vc_row css_animation=&#8221;&#8221; row_type=&#8221;row&#8221; use_row_as_full_screen_section=&#8221;no&#8221; type=&#8221;grid&#8221; angled_section=&#8221;no&#8221; text_align=&#8221;left&#8221; background_image_as_pattern=&#8221;without_pattern&#8221; css=&#8221;.vc_custom_1657864555249{background-color: #f0f0f0 !important;}&#8221; z_index=&#8221;&#8221;][vc_column]<div class='q_icon_with_title tiny custom_icon_image '><div class=\"icon_holder \" style=\" \"><img decoding=\"async\" itemprop=\"image\" style=\"\" src=\"https:\/\/cocreix.ddgi.cat\/web\/wp-content\/uploads\/2024\/03\/bullhorn.png\" alt=\"\"><\/div><div class=\"icon_text_holder\" style=\"\"><div class=\"icon_text_inner\" style=\"\"><h5 class=\"icon_title\" style=\"color: #af2827;\">M\u00e0rqueting i comunicaci\u00f3<\/h5><p style=''>Millora del posicionament de l\u2019empresa mitjan\u00e7ant un pla de m\u00e0rqueting i comunicaci\u00f3 amb l\u2019objectiu d\u2019arribar a m\u00e9s clients potencials. S\u2019exclou l\u2019elaboraci\u00f3 o reformulaci\u00f3 de p\u00e0gines web.<\/p><\/div><\/div><\/div>[\/vc_column][\/vc_row][vc_row css_animation=&#8221;&#8221; row_type=&#8221;row&#8221; use_row_as_full_screen_section=&#8221;no&#8221; type=&#8221;grid&#8221; angled_section=&#8221;no&#8221; text_align=&#8221;left&#8221; background_image_as_pattern=&#8221;without_pattern&#8221; css=&#8221;.vc_custom_1657864555249{background-color: #f0f0f0 !important;}&#8221; z_index=&#8221;&#8221;][vc_column]<div class='q_icon_with_title tiny custom_icon_image '><div class=\"icon_holder \" style=\" \"><img decoding=\"async\" itemprop=\"image\" style=\"\" src=\"https:\/\/cocreix.ddgi.cat\/web\/wp-content\/uploads\/2024\/03\/meeting.png\" alt=\"\"><\/div><div class=\"icon_text_holder\" style=\"\"><div class=\"icon_text_inner\" style=\"\"><h5 class=\"icon_title\" style=\"color: #af2827;\">Organitzaci\u00f3 i equip directiu<\/h5><p style=''>Desenvolupament d\u2019instruments i compet\u00e8ncies per impulsar nous models de gesti\u00f3 que permetin un creixement empresarial.<\/p><\/div><\/div><\/div>[\/vc_column][\/vc_row][vc_row css_animation=&#8221;&#8221; row_type=&#8221;row&#8221; use_row_as_full_screen_section=&#8221;no&#8221; type=&#8221;grid&#8221; angled_section=&#8221;no&#8221; text_align=&#8221;left&#8221; background_image_as_pattern=&#8221;without_pattern&#8221; css=&#8221;.vc_custom_1657864555249{background-color: #f0f0f0 !important;}&#8221; z_index=&#8221;&#8221;][vc_column]<div class='q_icon_with_title tiny custom_icon_image '><div class=\"icon_holder \" style=\" \"><img decoding=\"async\" itemprop=\"image\" style=\"\" src=\"https:\/\/cocreix.ddgi.cat\/web\/wp-content\/uploads\/2024\/03\/pie-chart.png\" alt=\"\"><\/div><div class=\"icon_text_holder\" style=\"\"><div class=\"icon_text_inner\" style=\"\"><h5 class=\"icon_title\" style=\"color: #af2827;\">Planificaci\u00f3 estrat\u00e8gica<\/h5><p style=''>Orientaci\u00f3 i definici\u00f3 de les l\u00ednies estrat\u00e8giques m\u00e9s adequades per assolir el creixement esperat.<\/p><\/div><\/div><\/div>[\/vc_column][\/vc_row][vc_row css_animation=&#8221;&#8221; row_type=&#8221;row&#8221; use_row_as_full_screen_section=&#8221;no&#8221; type=&#8221;grid&#8221; angled_section=&#8221;no&#8221; text_align=&#8221;left&#8221; background_image_as_pattern=&#8221;without_pattern&#8221; css=&#8221;.vc_custom_1657864555249{background-color: #f0f0f0 !important;}&#8221; z_index=&#8221;&#8221;][vc_column]<div class='q_icon_with_title tiny custom_icon_image '><div class=\"icon_holder \" style=\" \"><img decoding=\"async\" itemprop=\"image\" style=\"\" src=\"https:\/\/cocreix.ddgi.cat\/web\/wp-content\/uploads\/2024\/03\/international.png\" alt=\"\"><\/div><div class=\"icon_text_holder\" style=\"\"><div class=\"icon_text_inner\" style=\"\"><h5 class=\"icon_title\" style=\"color: #af2827;\">Internacionalitzaci\u00f3<\/h5><p style=''>Orientaci\u00f3 en l\u2019obertura de nous mercats a l\u2019estranger.<\/p><\/div><\/div><\/div>[\/vc_column][\/vc_row][vc_row css_animation=&#8221;&#8221; row_type=&#8221;row&#8221; use_row_as_full_screen_section=&#8221;no&#8221; type=&#8221;grid&#8221; angled_section=&#8221;no&#8221; text_align=&#8221;left&#8221; background_image_as_pattern=&#8221;without_pattern&#8221; css=&#8221;.vc_custom_1657864555249{background-color: #f0f0f0 !important;}&#8221; z_index=&#8221;&#8221;][vc_column]<div class='q_icon_with_title tiny custom_icon_image '><div class=\"icon_holder \" style=\" \"><img decoding=\"async\" itemprop=\"image\" style=\"\" src=\"https:\/\/cocreix.ddgi.cat\/web\/wp-content\/uploads\/2024\/03\/decentralized.png\" alt=\"\"><\/div><div class=\"icon_text_holder\" style=\"\"><div class=\"icon_text_inner\" style=\"\"><h5 class=\"icon_title\" style=\"color: #af2827;\">Comercialitzaci\u00f3 i canals de venda<\/h5><p style=''>Optimitzaci\u00f3 dels canals de venda existents i la creaci\u00f3 de nous.<\/p><\/div><\/div><\/div>[vc_empty_space height=&#8221;50px&#8221;][\/vc_column][\/vc_row][vc_row css_animation=&#8221;&#8221; row_type=&#8221;row&#8221; use_row_as_full_screen_section=&#8221;no&#8221; type=&#8221;grid&#8221; angled_section=&#8221;no&#8221; text_align=&#8221;left&#8221; background_image_as_pattern=&#8221;without_pattern&#8221; css=&#8221;.vc_custom_1705672878510{padding-top: 50px !important;padding-bottom: 20px !important;background-color: #ffffff !important;}&#8221; z_index=&#8221;&#8221;][vc_column][vc_column_text]<\/p>\n<h4><strong>Requisits dels participants <\/strong><\/h4>\n<p>[\/vc_column_text][vc_empty_space height=&#8221;30px&#8221;][vc_column_text]Les empreses i treballadors aut\u00f2noms que vulguin accedir en el servei d\u2019assessorament empresarial Projecta&#8217;t han de ser derivats per una entitat de la XSLPE i han de complir les condicions seg\u00fcents:[\/vc_column_text][\/vc_column][\/vc_row][vc_row css_animation=&#8221;&#8221; row_type=&#8221;row&#8221; use_row_as_full_screen_section=&#8221;no&#8221; type=&#8221;grid&#8221; angled_section=&#8221;no&#8221; text_align=&#8221;left&#8221; background_image_as_pattern=&#8221;without_pattern&#8221; css=&#8221;.vc_custom_1705673148559{padding-top: 10px !important;padding-bottom: 0px !important;background-color: #ffffff !important;}&#8221; z_index=&#8221;&#8221;][vc_column width=&#8221;1\/2&#8243;]<div class='q_icon_with_title tiny custom_icon_image '><div class=\"icon_holder \" style=\" \"><img decoding=\"async\" itemprop=\"image\" style=\"\" src=\"https:\/\/cocreix.ddgi.cat\/web\/wp-content\/uploads\/2024\/03\/organization-chart.png\" alt=\"\"><\/div><div class=\"icon_text_holder\" style=\"\"><div class=\"icon_text_inner\" style=\"\"><h5 class=\"icon_title\" style=\"color: #af2827;\">Empresa<\/h5><p style=''><\/p><\/div><\/div><\/div>[vc_column_text]\u2022 Domicili social i fiscal a la prov\u00edncia de Girona.<br \/>\n\u2022 Traject\u00f2ria m\u00ednima de 2 anys.<br \/>\n\u2022 Facturaci\u00f3 superior a 50.000 \u20ac.<br \/>\n\u2022 Constitu\u00efda com a: societat de responsabilitat limitada, societat civil, societat an\u00f2nima, entitat sense personalitat jur\u00eddica, societat laboral o societat cooperativa.<br \/>\n\u2022 T\u00e9 identificada una acci\u00f3 de creixement que es fonamenta en una an\u00e0lisi del mercat, justifica l\u2019oportunitat per cr\u00e9ixer i argumenta la necessitat d\u2019un expert per executar-la.[\/vc_column_text][vc_empty_space height=&#8221;50px&#8221;][\/vc_column][vc_column width=&#8221;1\/2&#8243;]<div class='q_icon_with_title tiny custom_icon_image '><div class=\"icon_holder \" style=\" \"><img decoding=\"async\" itemprop=\"image\" style=\"\" src=\"https:\/\/cocreix.ddgi.cat\/web\/wp-content\/uploads\/2024\/03\/group.png\" alt=\"\"><\/div><div class=\"icon_text_holder\" style=\"\"><div class=\"icon_text_inner\" style=\"\"><h5 class=\"icon_title\" style=\"color: #af2827;\">Treballador aut\u00f2nom<\/h5><p style=''><\/p><\/div><\/div><\/div>[vc_column_text]\u2022 Domicili social i fiscal a la prov\u00edncia de Girona.<br \/>\n\u2022 Traject\u00f2ria m\u00ednima i ininterrompuda de 2 anys.<br \/>\n\u2022 Facturaci\u00f3 superior a 24.000 \u20ac.<br \/>\n\u2022 Donat d\u2019alta al r\u00e8gim de treballadors aut\u00f2noms o al sistema de previsi\u00f3 social equivalent amb una dedicaci\u00f3 del 100 %.<br \/>\n\u2022 T\u00e9 identificada una acci\u00f3 de creixement que es fonamenta en una an\u00e0lisi del mercat, justifica l\u2019oportunitat per cr\u00e9ixer i argumenta la necessitat d\u2019un expert per executar-la.[\/vc_column_text][vc_empty_space height=&#8221;50px&#8221;][\/vc_column][\/vc_row][vc_row css_animation=&#8221;&#8221; row_type=&#8221;row&#8221; use_row_as_full_screen_section=&#8221;no&#8221; type=&#8221;grid&#8221; angled_section=&#8221;no&#8221; text_align=&#8221;left&#8221; background_image_as_pattern=&#8221;without_pattern&#8221; css=&#8221;.vc_custom_1705673023743{padding-top: 50px !important;padding-bottom: 50px !important;background-color: #f0f0f0 !important;}&#8221; z_index=&#8221;&#8221;][vc_column][vc_column_text]<\/p>\n<h4><strong>Com puc sol\u00b7licitar l&#8217;assessorament?<\/strong><\/h4>\n<p>[\/vc_column_text][\/vc_column][\/vc_row][vc_row css_animation=&#8221;&#8221; row_type=&#8221;row&#8221; use_row_as_full_screen_section=&#8221;no&#8221; type=&#8221;grid&#8221; angled_section=&#8221;no&#8221; text_align=&#8221;left&#8221; background_image_as_pattern=&#8221;without_pattern&#8221; css=&#8221;.vc_custom_1711118526203{padding-top: 0px !important;padding-bottom: 50px !important;background-color: #f0f0f0 !important;}&#8221; z_index=&#8221;&#8221;][vc_column width=&#8221;2\/3&#8243;][vc_column_text css=&#8221;&#8221;]Aquest servei l&#8217;ha de sol\u00b7licitar una entitat adherida a la XSLPE, mitjan\u00e7ant la plataforma EACAT, la qual proposa una empresa o un treballador aut\u00f2nom com a receptor del servei.<\/p>\n<p>L\u2019entitat ha de formalitzar la sol\u00b7licitud del servei per mitj\u00e0 de la documentaci\u00f3 seg\u00fcent:<\/p>\n<ul>\n<li>Formulari de sol\u00b7licitud, emplenat degudament, signat digitalment per la persona interessada o per la que representi legalment l\u2019entitat.<\/li>\n<li>Comprom\u00eds de participaci\u00f3 signat per l\u2019empresa o el treballador aut\u00f2nom que es proposa com a participant en l\u2019assessorament.<\/li>\n<li>Acord de l&#8217;\u00f2rgan de govern competent que aprovi la petici\u00f3 de la prestaci\u00f3 del servei.<\/li>\n<\/ul>\n<p><strong>\u00a0<\/strong><\/p>\n<h4><strong>Informaci\u00f3 important per a persones emprenedores<\/strong><\/h4>\n<p><strong><br \/>\n<\/strong>Si t\u2019interessa rebre l\u2019assessorament empresarial <em>Projecta\u2019t<\/em> i no coneixes cap entitat de la XSLPE a trav\u00e9s de la qual sol\u00b7licitar-lo, pots contactar amb CO-CREIX Emprenedoria, el Servei d\u2019Emprenedoria de la Diputaci\u00f3 de Girona.<br \/>\nDes del servei et facilitarem el contacte amb l\u2019entitat adherida a la XSLPE que et correspongui segons el territori o el perfil del projecte.<\/p>\n<h4><strong><em>\u00a0 \u00a0 \u00a0 \u00a0 \u00a0 \u00a0 \u00a0 \u00a0 \u00a0 \u00a0 \u00a0 emprenedoria@ddgi.cat<br \/>\n<\/em><\/strong><strong><em>\u00a0 \u00a0 \u00a0 \u00a0 \u00a0 \u00a0 \u00a0 \u00a0 \u00a0 \u00a0 \u00a0 972 18 48 14<\/em><\/strong><\/h4>\n<p><strong><em>\u00a0 \u00a0<\/em><\/strong><\/p>\n<p>[\/vc_column_text][vc_empty_space height=&#8221;50px&#8221;][\/vc_column][vc_column width=&#8221;1\/3&#8243;][vc_empty_space height=&#8221;50px&#8221;]<a  itemprop=\"url\" href=\"https:\/\/promoeco.ddgi.cat\/xslpe\/xarxa-de-serveis-locals-de-promocio-economica\/#XSLPE_2024-2027\" target=\"_blank\" data-hover-background-color=#d34a2e data-hover-border-color=#d34a2e  class=\"qbutton  default\" style=\"border-color: #af2827; background-color: #af2827;\">Consulteu les entitats de la XSLPE<\/a>[vc_empty_space height=&#8221;30px&#8221;]<a  itemprop=\"url\" href=\"https:\/\/seu.ddgi.cat\/web\/servei\/8611\/assessorament-empresarial-projecta-t\" target=\"_blank\" data-hover-background-color=#d34a2e data-hover-border-color=#d34a2e  class=\"qbutton  default\" style=\"border-color: #af2827; background-color: #af2827;\">Accediu a la documentaci\u00f3 <\/a>[vc_empty_space height=&#8221;30px&#8221;][\/vc_column][\/vc_row]<\/p>\n<\/div>","protected":false},"excerpt":{"rendered":"<p>[vc_row css_animation=&#8221;&#8221; row_type=&#8221;row&#8221; use_row_as_full_screen_section=&#8221;no&#8221; type=&#8221;grid&#8221; angled_section=&#8221;no&#8221; text_align=&#8221;left&#8221; background_image_as_pattern=&#8221;without_pattern&#8221; css=&#8221;.vc_custom_1657864030248{background-color: #ffffff !important;}&#8221; el_id=&#8221;menuinici&#8221; z_index=&#8221;&#8221;][vc_column width=&#8221;1\/2&#8243;][vc_empty_space height=&#8221;70px&#8221;][vc_column_text] Projecta&#8217;t [\/vc_column_text][vc_column_text] Assessorament empresarial [\/vc_column_text][vc_empty_space height=&#8221;27px&#8221;][vc_column_text]La Diputaci\u00f3 de Girona posa a l\u2019abast de les entitats de la Xarxa de Serveis Locals de Promoci\u00f3 Econ\u00f2mica (XSLPE) un servei d\u2019assessorament empresarial adre\u00e7at&#8230;<\/p>\n","protected":false},"author":1,"featured_media":0,"parent":0,"menu_order":0,"comment_status":"closed","ping_status":"closed","template":"full_width.php","meta":{"inline_featured_image":false,"footnotes":""},"class_list":["post-18415","page","type-page","status-publish","hentry"],"_links":{"self":[{"href":"https:\/\/cocreix.ddgi.cat\/web\/wp-json\/wp\/v2\/pages\/18415","targetHints":{"allow":["GET"]}}],"collection":[{"href":"https:\/\/cocreix.ddgi.cat\/web\/wp-json\/wp\/v2\/pages"}],"about":[{"href":"https:\/\/cocreix.ddgi.cat\/web\/wp-json\/wp\/v2\/types\/page"}],"author":[{"embeddable":true,"href":"https:\/\/cocreix.ddgi.cat\/web\/wp-json\/wp\/v2\/users\/1"}],"replies":[{"embeddable":true,"href":"https:\/\/cocreix.ddgi.cat\/web\/wp-json\/wp\/v2\/comments?post=18415"}],"version-history":[{"count":139,"href":"https:\/\/cocreix.ddgi.cat\/web\/wp-json\/wp\/v2\/pages\/18415\/revisions"}],"predecessor-version":[{"id":18918,"href":"https:\/\/cocreix.ddgi.cat\/web\/wp-json\/wp\/v2\/pages\/18415\/revisions\/18918"}],"wp:attachment":[{"href":"https:\/\/cocreix.ddgi.cat\/web\/wp-json\/wp\/v2\/media?parent=18415"}],"curies":[{"name":"wp","href":"https:\/\/api.w.org\/{rel}","templated":true}]}}