{"id":16434,"date":"2019-06-03T09:11:50","date_gmt":"2019-06-03T07:11:50","guid":{"rendered":"http:\/\/localhost\/promoeco\/web\/?page_id=461"},"modified":"2024-03-11T15:50:30","modified_gmt":"2024-03-11T13:50:30","slug":"premis-projectat-3","status":"publish","type":"page","link":"https:\/\/cocreix.ddgi.cat\/web\/premis-projectat-3\/","title":{"rendered":"Tercera edici\u00f3"},"content":{"rendered":"<div class=\"wpb-content-wrapper\"><p>[vc_row css_animation=&#8221;&#8221; row_type=&#8221;row&#8221; use_row_as_full_screen_section=&#8221;no&#8221; type=&#8221;grid&#8221; angled_section=&#8221;no&#8221; text_align=&#8221;left&#8221; background_image_as_pattern=&#8221;without_pattern&#8221; css=&#8221;.vc_custom_1559909607249{padding-top: 103px !important;padding-bottom: 80px !important;background-color: #ffffff !important;}&#8221; el_id=&#8221;menuinici&#8221; z_index=&#8221;&#8221;][vc_column width=&#8221;1\/2&#8243;][vc_column_text]<\/p>\n<h2>Premis Projecta&#8217;t<\/h2>\n<p>[\/vc_column_text][vc_column_text]<\/p>\n<h4><strong><span style=\"color: #000000;\">Convocat\u00f2ria<\/span> <span style=\"color: #af2827;\">tancada<\/span> <span style=\"color: #000000;\">el mes d&#8217;octubre del 2021<\/span><\/strong><\/h4>\n<p>[\/vc_column_text][vc_empty_space height=&#8221;27px&#8221;][vc_column_text]La Diputaci\u00f3 de Girona va convocar la\u00a0<strong>tercera edici\u00f3<\/strong>\u00a0dels Premis Projecta\u2019t amb l\u2019objectiu d\u2019impulsar la projecci\u00f3 d\u2019empreses joves de les comarques gironines.<\/p>\n<p>Els guardons es van adre\u00e7ar a empreses i aut\u00f2noms del territori i es van premiar les\u00a0<strong>vuit<\/strong>\u00a0iniciatives empresarials m\u00e9s rellevants i amb m\u00e9s potencial de creixement.<\/p>\n<p>Els projectes seleccionats van obtenir l\u2019assessorament especialitzat d\u2019experts que, al llarg de sis mesos, els van ajudar a definir i a desenvolupar l\u2019estrat\u00e8gia empresarial en l\u2019\u00e0mbit que els mateixos emprenedors van escollir.[\/vc_column_text][vc_empty_space height=&#8221;54px&#8221;][\/vc_column][vc_column width=&#8221;1\/2&#8243;][vc_video link=&#8221;https:\/\/youtu.be\/UaLBvScrBKw&#8221; align=&#8221;center&#8221;][vc_empty_space height=&#8221;27px&#8221;][\/vc_column][\/vc_row][vc_row css_animation=&#8221;&#8221; row_type=&#8221;row&#8221; use_row_as_full_screen_section=&#8221;no&#8221; type=&#8221;grid&#8221; angled_section=&#8221;no&#8221; text_align=&#8221;left&#8221; background_image_as_pattern=&#8221;without_pattern&#8221; css=&#8221;.vc_custom_1643396238091{padding-top: 100px !important;padding-bottom: 40px !important;background-color: #f0f0f0 !important;}&#8221; el_id=&#8221;menupremiats&#8221; z_index=&#8221;&#8221;][vc_column][vc_column_text]<\/p>\n<h2>Premiats<\/h2>\n<p>[\/vc_column_text][\/vc_column][\/vc_row][vc_row css_animation=&#8221;&#8221; row_type=&#8221;row&#8221; use_row_as_full_screen_section=&#8221;no&#8221; type=&#8221;grid&#8221; angled_section=&#8221;no&#8221; text_align=&#8221;left&#8221; background_image_as_pattern=&#8221;without_pattern&#8221; css=&#8221;.vc_custom_1643396242514{background-color: #f0f0f0 !important;}&#8221; z_index=&#8221;&#8221;][vc_column width=&#8221;1\/4&#8243;]<div class=\"qode-info-card-with-icon\">\n    <div class=\"qode-icwi-image-icon-holder qode-start-icon-hover\">\n\t\t\t\t\t<a href=\"https:\/\/cocreix.ddgi.cat\/web\/premis-projectat-3\/iniciaserveis\/\" target=\"_blank\">\n\t\t\t\t\t\t\t<div class=\"qode-icwi-image\">\n\t\t\t\t<img decoding=\"async\" src=\"https:\/\/cocreix.ddgi.cat\/web\/wp-content\/uploads\/2022\/01\/01-Iniciaserveis-03-e1652272101383.jpg\" alt=\"\" \/>\n\t\t\t<\/div>\n\t\t\t\t<div class=\"qode-icwi-icon-holder\">\n\t\t\t<span class=\"qode-icon-holder qode-icon-circle qode-icon-medium\"  style=\"background-color:rgba(0,0,0,0.01)\" >\n\t\t\t\t\t\t\t<\/span>\n\t\t<\/div>\n\t\t\t\t\t<\/a>\n\t\t\t<\/div>\n\t<div class=\"qode-icwi-text-holder\">\n\t\t\t\t\t<h4 class=\"qode-icwi-title\">\n\t\t\t\tIniciaserveis\t\t\t<\/h4>\n\t\t\t\t\t<\/div>\n<\/div>[vc_empty_space height=&#8221;16px&#8221;][\/vc_column][vc_column width=&#8221;1\/4&#8243;]<div class=\"qode-info-card-with-icon\">\n    <div class=\"qode-icwi-image-icon-holder qode-start-icon-hover\">\n\t\t\t\t\t<a href=\"https:\/\/cocreix.ddgi.cat\/web\/premis-projectat-3\/tengui\/\" target=\"_blank\">\n\t\t\t\t\t\t\t<div class=\"qode-icwi-image\">\n\t\t\t\t<img decoding=\"async\" src=\"https:\/\/cocreix.ddgi.cat\/web\/wp-content\/uploads\/2022\/01\/02-Tengui-01-e1652272199211.jpg\" alt=\"\" \/>\n\t\t\t<\/div>\n\t\t\t\t<div class=\"qode-icwi-icon-holder\">\n\t\t\t<span class=\"qode-icon-holder qode-icon-circle qode-icon-medium\"  style=\"background-color:rgba(0,0,0,0.01)\" >\n\t\t\t\t\t\t\t<\/span>\n\t\t<\/div>\n\t\t\t\t\t<\/a>\n\t\t\t<\/div>\n\t<div class=\"qode-icwi-text-holder\">\n\t\t\t\t\t<h4 class=\"qode-icwi-title\">\n\t\t\t\tTengui\t\t\t<\/h4>\n\t\t\t\t\t<\/div>\n<\/div>[vc_empty_space height=&#8221;16px&#8221;][\/vc_column][vc_column width=&#8221;1\/4&#8243;]<div class=\"qode-info-card-with-icon\">\n    <div class=\"qode-icwi-image-icon-holder qode-start-icon-hover\">\n\t\t\t\t\t<a href=\"https:\/\/cocreix.ddgi.cat\/web\/premis-projectat-3\/girona-secreta-i-lasecreta\/\" target=\"_blank\">\n\t\t\t\t\t\t\t<div class=\"qode-icwi-image\">\n\t\t\t\t<img decoding=\"async\" src=\"https:\/\/cocreix.ddgi.cat\/web\/wp-content\/uploads\/2022\/01\/03-LaSecreta-02-e1652272286897.jpg\" alt=\"\" \/>\n\t\t\t<\/div>\n\t\t\t\t<div class=\"qode-icwi-icon-holder\">\n\t\t\t<span class=\"qode-icon-holder qode-icon-circle qode-icon-medium\"  style=\"background-color:rgba(0,0,0,0.01)\" >\n\t\t\t\t\t\t\t<\/span>\n\t\t<\/div>\n\t\t\t\t\t<\/a>\n\t\t\t<\/div>\n\t<div class=\"qode-icwi-text-holder\">\n\t\t\t\t\t<h4 class=\"qode-icwi-title\">\n\t\t\t\tGirona Secreta i LaSecreta\t\t\t<\/h4>\n\t\t\t\t\t<\/div>\n<\/div>[vc_empty_space height=&#8221;16px&#8221;][\/vc_column][vc_column width=&#8221;1\/4&#8243;]<div class=\"qode-info-card-with-icon\">\n    <div class=\"qode-icwi-image-icon-holder qode-start-icon-hover\">\n\t\t\t\t\t<a href=\"https:\/\/cocreix.ddgi.cat\/web\/premis-projectat-3\/blaudeblaus\/\" target=\"_blank\">\n\t\t\t\t\t\t\t<div class=\"qode-icwi-image\">\n\t\t\t\t<img decoding=\"async\" src=\"https:\/\/cocreix.ddgi.cat\/web\/wp-content\/uploads\/2022\/01\/04-Blaudeblaus-02-e1652272423362.jpg\" alt=\"\" \/>\n\t\t\t<\/div>\n\t\t\t\t<div class=\"qode-icwi-icon-holder\">\n\t\t\t<span class=\"qode-icon-holder qode-icon-circle qode-icon-medium\"  style=\"background-color:rgba(0,0,0,0.01)\" >\n\t\t\t\t\t\t\t<\/span>\n\t\t<\/div>\n\t\t\t\t\t<\/a>\n\t\t\t<\/div>\n\t<div class=\"qode-icwi-text-holder\">\n\t\t\t\t\t<h4 class=\"qode-icwi-title\">\n\t\t\t\tBlaudeblaus\t\t\t<\/h4>\n\t\t\t\t\t<\/div>\n<\/div>[vc_empty_space height=&#8221;16px&#8221;][\/vc_column][\/vc_row][vc_row css_animation=&#8221;&#8221; row_type=&#8221;row&#8221; use_row_as_full_screen_section=&#8221;no&#8221; type=&#8221;grid&#8221; angled_section=&#8221;no&#8221; text_align=&#8221;left&#8221; background_image_as_pattern=&#8221;without_pattern&#8221; css=&#8221;.vc_custom_1643396242514{background-color: #f0f0f0 !important;}&#8221; z_index=&#8221;&#8221;][vc_column width=&#8221;1\/4&#8243;]<div class=\"qode-info-card-with-icon\">\n    <div class=\"qode-icwi-image-icon-holder qode-start-icon-hover\">\n\t\t\t\t\t<a href=\"https:\/\/cocreix.ddgi.cat\/web\/premis-projectat-3\/ciner\/\" target=\"_blank\">\n\t\t\t\t\t\t\t<div class=\"qode-icwi-image\">\n\t\t\t\t<img decoding=\"async\" src=\"https:\/\/cocreix.ddgi.cat\/web\/wp-content\/uploads\/2022\/01\/05-CINER-03-570x570-1.jpg\" alt=\"\" \/>\n\t\t\t<\/div>\n\t\t\t\t<div class=\"qode-icwi-icon-holder\">\n\t\t\t<span class=\"qode-icon-holder qode-icon-circle qode-icon-medium\"  style=\"background-color:rgba(0,0,0,0.01)\" >\n\t\t\t\t\t\t\t<\/span>\n\t\t<\/div>\n\t\t\t\t\t<\/a>\n\t\t\t<\/div>\n\t<div class=\"qode-icwi-text-holder\">\n\t\t\t\t\t<h4 class=\"qode-icwi-title\">\n\t\t\t\tCINER\t\t\t<\/h4>\n\t\t\t\t\t<\/div>\n<\/div>[vc_empty_space height=&#8221;16px&#8221;][\/vc_column][vc_column width=&#8221;1\/4&#8243;]<div class=\"qode-info-card-with-icon\">\n    <div class=\"qode-icwi-image-icon-holder qode-start-icon-hover\">\n\t\t\t\t\t<a href=\"https:\/\/cocreix.ddgi.cat\/web\/premis-projectat-3\/cecile-ribas\/\" target=\"_blank\">\n\t\t\t\t\t\t\t<div class=\"qode-icwi-image\">\n\t\t\t\t<img decoding=\"async\" src=\"https:\/\/cocreix.ddgi.cat\/web\/wp-content\/uploads\/2022\/01\/06-CecileRibas-01-e1652271706411.jpg\" alt=\"\" \/>\n\t\t\t<\/div>\n\t\t\t\t<div class=\"qode-icwi-icon-holder\">\n\t\t\t<span class=\"qode-icon-holder qode-icon-circle qode-icon-medium\"  style=\"background-color:rgba(0,0,0,0.01)\" >\n\t\t\t\t\t\t\t<\/span>\n\t\t<\/div>\n\t\t\t\t\t<\/a>\n\t\t\t<\/div>\n\t<div class=\"qode-icwi-text-holder\">\n\t\t\t\t\t<h4 class=\"qode-icwi-title\">\n\t\t\t\tC\u00e8cile Ribas\t\t\t<\/h4>\n\t\t\t\t\t<\/div>\n<\/div>[vc_empty_space height=&#8221;16px&#8221;][\/vc_column][vc_column width=&#8221;1\/4&#8243;]<div class=\"qode-info-card-with-icon\">\n    <div class=\"qode-icwi-image-icon-holder qode-start-icon-hover\">\n\t\t\t\t\t<a href=\"https:\/\/cocreix.ddgi.cat\/web\/premis-projectat-3\/intertoro\/\" target=\"_blank\">\n\t\t\t\t\t\t\t<div class=\"qode-icwi-image\">\n\t\t\t\t<img decoding=\"async\" src=\"https:\/\/cocreix.ddgi.cat\/web\/wp-content\/uploads\/2022\/01\/07-Intertoro-01-e1652271859732.jpg\" alt=\"\" \/>\n\t\t\t<\/div>\n\t\t\t\t<div class=\"qode-icwi-icon-holder\">\n\t\t\t<span class=\"qode-icon-holder qode-icon-circle qode-icon-medium\"  style=\"background-color:rgba(0,0,0,0.01)\" >\n\t\t\t\t\t\t\t<\/span>\n\t\t<\/div>\n\t\t\t\t\t<\/a>\n\t\t\t<\/div>\n\t<div class=\"qode-icwi-text-holder\">\n\t\t\t\t\t<h4 class=\"qode-icwi-title\">\n\t\t\t\tIntertoro\t\t\t<\/h4>\n\t\t\t\t\t<\/div>\n<\/div>[vc_empty_space height=&#8221;16px&#8221;][\/vc_column][vc_column width=&#8221;1\/4&#8243;]<div class=\"qode-info-card-with-icon\">\n    <div class=\"qode-icwi-image-icon-holder qode-start-icon-hover\">\n\t\t\t\t\t<a href=\"https:\/\/cocreix.ddgi.cat\/web\/premis-projectat-3\/kloosiv\/\" target=\"_blank\">\n\t\t\t\t\t\t\t<div class=\"qode-icwi-image\">\n\t\t\t\t<img decoding=\"async\" src=\"https:\/\/cocreix.ddgi.cat\/web\/wp-content\/uploads\/2022\/01\/08Kloosiv-01-e1652271973662.jpg\" alt=\"\" \/>\n\t\t\t<\/div>\n\t\t\t\t<div class=\"qode-icwi-icon-holder\">\n\t\t\t<span class=\"qode-icon-holder qode-icon-circle qode-icon-medium\"  style=\"background-color:rgba(0,0,0,0.01)\" >\n\t\t\t\t\t\t\t<\/span>\n\t\t<\/div>\n\t\t\t\t\t<\/a>\n\t\t\t<\/div>\n\t<div class=\"qode-icwi-text-holder\">\n\t\t\t\t\t<h4 class=\"qode-icwi-title\">\n\t\t\t\tCooperativa Kloosiv\t\t\t<\/h4>\n\t\t\t\t\t<\/div>\n<\/div>[vc_empty_space height=&#8221;16px&#8221;][\/vc_column][\/vc_row][vc_row css_animation=&#8221;&#8221; row_type=&#8221;row&#8221; use_row_as_full_screen_section=&#8221;no&#8221; type=&#8221;grid&#8221; angled_section=&#8221;no&#8221; text_align=&#8221;left&#8221; background_image_as_pattern=&#8221;without_pattern&#8221; css=&#8221;.vc_custom_1642685834915{padding-top: 100px !important;padding-bottom: 40px !important;background-color: #f0f0f0 !important;}&#8221; z_index=&#8221;&#8221; el_id=&#8221;menubases&#8221; el_class=&#8221;noDisplay&#8221;][vc_column][vc_column_text]<\/p>\n<h2>Bases<\/h2>\n<p>[\/vc_column_text][\/vc_column][\/vc_row][vc_row css_animation=&#8221;&#8221; row_type=&#8221;row&#8221; use_row_as_full_screen_section=&#8221;no&#8221; type=&#8221;grid&#8221; angled_section=&#8221;no&#8221; text_align=&#8221;left&#8221; background_image_as_pattern=&#8221;without_pattern&#8221; css=&#8221;.vc_custom_1642685838779{padding-bottom: 40px !important;background-color: #f0f0f0 !important;}&#8221; z_index=&#8221;&#8221; el_class=&#8221;noDisplay&#8221;][vc_column width=&#8221;1\/2&#8243;][vc_column_text]Els premis Projecta\u2019t es dirigeixen a empreses i aut\u00f2noms de la demarcaci\u00f3 de Girona que tinguin identificada una actuaci\u00f3 per fer cr\u00e9ixer el seu negoci i necessitin l\u2019assessorament personalitzat d\u2019un expert que els ajudi a orientar l\u2019estrat\u00e8gia a seguir.<\/p>\n<p>&nbsp;<\/p>\n<p>Les accions que, priorit\u00e0riament, poden ser objecte de la sol\u00b7licitud dels premis Projecta\u2019t s\u2019engloben en els \u00e0mbits seg\u00fcents:<\/p>\n<p>&nbsp;<\/p>\n<ul>\n<li><strong>Vendes<\/strong>: internacionalitzaci\u00f3, nous segments de mercat, ampliaci\u00f3 i\/o consolidaci\u00f3 dels canals de comercialitzaci\u00f3, e-commerce, etc.<\/li>\n<li><strong>Innovaci\u00f3<\/strong>: creaci\u00f3, millora i\/o validaci\u00f3 de productes, processos o serveis, millora i\/o implementaci\u00f3 de nous models de gesti\u00f3\/organitzaci\u00f3, etc.<\/li>\n<li><strong>Finances<\/strong>: monetitzaci\u00f3, captaci\u00f3 de fons a trav\u00e9s de nous inversors i\/o altres instruments privats, etc.<\/li>\n<li><strong>Acreditacions<\/strong>: obtenci\u00f3 de certificats, segells de qualitat, patents o altres distintius que contribueixin a l\u2019impuls del negoci.<\/li>\n<\/ul>\n<p>&nbsp;<\/p>\n<p>Es premiaran les candidatures amb m\u00e9s potencial de creixement i fins a un m\u00e0xim de deu candidats, entre empreses i aut\u00f2noms.[\/vc_column_text][vc_empty_space height=&#8221;58px&#8221;][vc_column_text]<\/p>\n<h3>En qu\u00e8 consisteixen els premis?<\/h3>\n<p>[\/vc_column_text][vc_empty_space height=&#8221;24px&#8221;][vc_column_text]El premi consisteix en un acompanyament de fins a <strong>sis mesos<\/strong>, en qu\u00e8 els <strong>deu guanyadors<\/strong> rebran fins a <strong>quaranta hores<\/strong> d\u2019assessorament personalitzat d\u2019un o m\u00e9s consultors experts sobre els \u00e0mbits que necessitin i amb la finalitat d\u2019executar l\u2019acci\u00f3 indicada en la sol\u00b7licitud.[\/vc_column_text][vc_empty_space height=&#8221;58px&#8221;][vc_column_text]<\/p>\n<h3>Com i quan s\u2019hi pot participar?<\/h3>\n<p>[\/vc_column_text][vc_empty_space height=&#8221;24px&#8221;][vc_column_text]Els candidats han de presentar la sol\u00b7licitud a la Diputaci\u00f3 de Girona pel canal electr\u00f2nic designat i seguint els criteris marcats en les bases i en la convocat\u00f2ria dels premis Projecta\u2019t.<\/p>\n<p>&nbsp;<\/p>\n<p>La convocat\u00f2ria es publicar\u00e0 el mes de <strong>setembre del 2021<\/strong> i s\u2019anunciar\u00e0 al BOPG. A partir de l\u2019endem\u00e0 de la publicaci\u00f3 de la convocat\u00f2ria, hi haur\u00e0 trenta dies naturals per presentar les candidatures als premis Projecta\u2019t.<\/p>\n<p>&nbsp;<\/p>\n<p>En cas que el dia d\u2019acabament del termini per presentar les sol\u00b7licituds coincideixi amb dissabte o festiu, el termini esmentat finalitzar\u00e0 el dia h\u00e0bil seg\u00fcent.<\/p>\n<p>&nbsp;<\/p>\n<p><strong>Termini de presentaci\u00f3: del 21 de setembre al 20 d\u2019octubre del 2021<\/strong>[\/vc_column_text][\/vc_column][vc_column width=&#8221;1\/2&#8243;][vc_column_text]<\/p>\n<h3>Qu\u00e8 es valorar\u00e0?<\/h3>\n<p>[\/vc_column_text][vc_empty_space height=&#8221;24px&#8221;][vc_column_text]De les candidatures presentades es valorar\u00e0 el projecte empresarial, la capacitat per generar un impacte econ\u00f2mic i social, l\u2019acci\u00f3 que es vol dur a terme i la justificaci\u00f3 de la necessitat d\u2019un mentor que contribueixi a fer cr\u00e9ixer el negoci.<\/p>\n<p>&nbsp;<\/p>\n<p>Consulteu els barems de puntuaci\u00f3 a les bases i a la convocat\u00f2ria.[\/vc_column_text][vc_empty_space height=&#8221;58px&#8221;][vc_column_text]<\/p>\n<h3>Qui hi pot optar?<\/h3>\n<p>[\/vc_column_text][vc_empty_space height=&#8221;24px&#8221;][vc_column_text]Poden ser beneficiaris dels premis els treballadors aut\u00f2noms i les empreses de la demarcaci\u00f3 que <strong>en la data de publicaci\u00f3 de la convocat\u00f2ria al <em>Butllet\u00ed Oficial de la Prov\u00edncia de Girona (BOPG)<\/em> compleixin les condicions seg\u00fcents<\/strong>:<\/p>\n<p>&nbsp;<\/p>\n<p><strong>Treballadors aut\u00f2noms<\/strong><\/p>\n<p>&nbsp;<\/p>\n<ul>\n<li>Han de tenir el domicili fiscal i el centre de treball a la demarcaci\u00f3 de Girona.<\/li>\n<li>Han d\u2019estar donats d\u2019alta al r\u00e8gim de treballadors aut\u00f2noms i han de poder acreditar que l\u2019alta ha estat realitzada entre l\u20191 de gener de 2017 i la data de publicaci\u00f3 de la convocat\u00f2ria al BOPG.<\/li>\n<li>L\u2019activitat objecte de la sol\u00b7licitud ha de ser l\u2019activitat principal del treballador aut\u00f2nom i l\u2019acci\u00f3 que es vol desenvolupar ha de suposar el comprom\u00eds, a curt termini, de constituir-se com a empresa. Aquesta condici\u00f3 s\u2019ha d\u2019acreditar en el formulari de sol\u00b7licitud.<\/li>\n<\/ul>\n<p>&nbsp;<\/p>\n<p><strong>Empreses<\/strong><\/p>\n<p>&nbsp;<\/p>\n<ul>\n<li>Han de tenir el domicili fiscal i el centre de treball a la demarcaci\u00f3 de Girona.<\/li>\n<li>Han d\u2019estar constitu\u00efdes segons alguna de les formes jur\u00eddiques seg\u00fcents: societat de responsabilitat limitada, societat an\u00f2nima, societat laboral o societat cooperativa.<\/li>\n<li>Han de poder acreditar que la constituci\u00f3 de l\u2019empresa s\u2019ha realitzat entre l\u20191 de gener de 2017 i la data de publicaci\u00f3 de la convocat\u00f2ria al BOPG. Es considerar\u00e0 com a data de constituci\u00f3 la que consti en l\u2019escriptura de constituci\u00f3 de la societat o en els documents de constituci\u00f3.<\/li>\n<li>Han de tenir identificada una acci\u00f3 que vulguin desenvolupar, que ser\u00e0 l\u2019objecte de la sol\u00b7licitud, i han de justificar la necessitat d\u2019un assessor extern per dur a terme aquesta acci\u00f3. Aquesta condici\u00f3 s\u2019ha d\u2019acreditar en la mem\u00f2ria.<\/li>\n<\/ul>\n<p>[\/vc_column_text][vc_empty_space height=&#8221;35px&#8221;]\n\n\t<a href=\"https:\/\/ssl4.ddgi.cat\/bopV1\/pdf\/2021\/145\/202114506714.pdf\" target=\"_blank\" style=\"color: #ffffff;background-color: #008ad1\" class=\"qode-btn qode-btn-medium qode-btn-solid qode-btn-custom-hover-bg qode-btn-custom-hover-color qode-btn-custom-icon-bg-hover-color qode-btn-icon qodef-btn-icon-square qode-btn-icon-rotate\" data-hover-bg-color=\"#000000\" data-hover-color=\"#ffffff\" >\n\t    <span class=\"qode-btn-text\">Consulteu les bases<\/span><span class=\"qode-button-v2-icon-holder\" style=\"font-size: 20px;background-color: #008ad1\" data-hover-icon-border-color=\"#000000\" data-hover-icon-bg-color=\"#000000\"><span aria-hidden=\"true\" class=\"qode_icon_font_elegant icon_plus qode-button-v2-icon-holder-inner\" ><\/span><\/span>\t<\/a>\n\n[vc_empty_space height=&#8221;58px&#8221;][\/vc_column][\/vc_row][vc_row css_animation=&#8221;&#8221; row_type=&#8221;row&#8221; use_row_as_full_screen_section=&#8221;no&#8221; type=&#8221;grid&#8221; angled_section=&#8221;no&#8221; text_align=&#8221;left&#8221; background_image_as_pattern=&#8221;without_pattern&#8221; css=&#8221;.vc_custom_1636373314791{padding-top: 100px !important;background-color: #f0f0f0 !important;}&#8221; el_id=&#8221;menuinscripcions&#8221; z_index=&#8221;&#8221; el_class=&#8221;noDisplay&#8221;][vc_column][vc_column_text]<\/p>\n<h2>Sol\u00b7licituds<\/h2>\n<p>[\/vc_column_text][vc_empty_space height=&#8221;24px&#8221;][vc_column_text el_class=&#8221;estil_projectat_llista&#8221;]Les sol\u00b7licituds s\u2019han de presentar per via electr\u00f2nica o telem\u00e0tica a la Diputaci\u00f3 en el termini que s\u2019estableixi en la convocat\u00f2ria.<\/p>\n<p>&nbsp;<\/p>\n<p>Les sol\u00b7licituds, degudament emplenades, han d\u2019estar signades digitalment per la persona que representi legalment l\u2019empresa o per l\u2019aut\u00f2nom. Es poden utilitzar els sistemes de signatura electr\u00f2nica acceptats per la Diputaci\u00f3 de Girona, que s\u2019especifiquen a https:\/\/seu.ddgi.cat. La presentaci\u00f3 implica la plena acceptaci\u00f3 d\u2019aquestes bases.<\/p>\n<p>&nbsp;<\/p>\n<p>Cal formular les sol\u00b7licituds mitjan\u00e7ant el model normalitzat disponible al web de la Diputaci\u00f3 de Girona, acompanyat de la documentaci\u00f3 annexa seg\u00fcent:<\/p>\n<p>&nbsp;<\/p>\n<p><strong>En el cas de ser treballador aut\u00f2nom:<\/strong><\/p>\n<p>&nbsp;<\/p>\n<ul>\n<li>Formulari de sol\u00b7licitud emplenat i signat amb signatura electr\u00f2nica.<\/li>\n<li>Fotoc\u00f2pia del DNI del treballador aut\u00f2nom.<\/li>\n<li>Certificat de la situaci\u00f3 censal de l\u2019aut\u00f2nom em\u00e8s en data posterior a la publicaci\u00f3 de la convocat\u00f2ria al BOPG.<\/li>\n<li>Certificat que acrediti que est\u00e0 al corrent de les obligacions tribut\u00e0ries amb l\u2019Ag\u00e8ncia Tribut\u00e0ria, em\u00e8s en data posterior a la publicaci\u00f3 de la convocat\u00f2ria al BOPG.<\/li>\n<li>Certificat que acrediti que est\u00e0 al corrent de les obligacions amb la Seguretat Social, em\u00e8s en data posterior a la publicaci\u00f3 de la convocat\u00f2ria al BOPG.<\/li>\n<li>Es pot presentar qualsevol altra informaci\u00f3 que expliqui o justifiqui el compliment dels factors de m\u00e8rits que el jurat ha de valorar d\u2019acord amb les bases corresponents.<\/li>\n<\/ul>\n<p>&nbsp;<\/p>\n<p><strong>En el cas de ser una empresa:<\/strong><\/p>\n<p>&nbsp;<\/p>\n<ul>\n<li>Fotoc\u00f2pia del DNI del representant legal de l\u2019empresa.<\/li>\n<li>Fotoc\u00f2pia de l\u2019escriptura de constituci\u00f3 de l\u2019empresa i de les modificacions posteriors dels estatuts fundacionals, si s\u2019escau.<\/li>\n<li>Fotoc\u00f2pia del NIF de l\u2019empresa.<\/li>\n<li>Certificat que acrediti que est\u00e0 al corrent de les obligacions tribut\u00e0ries amb l\u2019Ag\u00e8ncia Tribut\u00e0ria, em\u00e8s en data posterior a la publicaci\u00f3 de la convocat\u00f2ria al BOPG.<\/li>\n<li>Certificat que acrediti que est\u00e0 al corrent de les obligacions amb la Seguretat Social, em\u00e8s en data posterior a la publicaci\u00f3 de la convocat\u00f2ria al BOPG.<\/li>\n<li>Es pot presentar qualsevol altra informaci\u00f3 que expliqui o justifiqui el compliment dels factors de m\u00e8rits que el jurat ha de valorar d\u2019acord amb les bases corresponents.<\/li>\n<\/ul>\n<p>[\/vc_column_text][vc_empty_space height=&#8221;35px&#8221;][\/vc_column][\/vc_row][vc_row css_animation=&#8221;&#8221; row_type=&#8221;row&#8221; use_row_as_full_screen_section=&#8221;no&#8221; type=&#8221;grid&#8221; angled_section=&#8221;no&#8221; text_align=&#8221;left&#8221; background_image_as_pattern=&#8221;without_pattern&#8221; css=&#8221;.vc_custom_1636373411220{padding-bottom: 140px !important;background-color: #f0f0f0 !important;}&#8221; z_index=&#8221;&#8221; el_class=&#8221;noDisplay&#8221;][vc_column width=&#8221;1\/4&#8243;]\n\n\t<a href=\"http:\/\/www.ddgi.cat\/web\/servei\/7538\/convocatoria-per-participar-en-la-tercera-edicio-dels-premis-projecta-t--formacio--mentoria-i-tutoritzacio-per-a-emprenedors-de-la-demarcacio-de-girona\" target=\"_blank\" style=\"color: #ffffff;background-color: #008ad1;margin: 10px 0\" class=\"qode-btn qode-btn-medium qode-btn-solid qode-btn-custom-hover-bg qode-btn-custom-hover-color qode-btn-custom-icon-bg-hover-color qode-btn-icon qodef-btn-icon-square qode-btn-icon-rotate\" data-hover-bg-color=\"#000000\" data-hover-color=\"#ffffff\" >\n\t    <span class=\"qode-btn-text\">Iniciar sol\u00b7licitud<\/span><span class=\"qode-button-v2-icon-holder\" style=\"font-size: 20px;background-color: #008ad1\" data-hover-icon-border-color=\"#000000\" data-hover-icon-bg-color=\"#000000\"><span aria-hidden=\"true\" class=\"qode_icon_font_elegant icon_plus qode-button-v2-icon-holder-inner\" ><\/span><\/span>\t<\/a>\n\n[\/vc_column][vc_column width=&#8221;1\/2&#8243;]\n\n\t<a href=\"https:\/\/www.youtube.com\/watch?v=HPF0D4n2ELs\" target=\"_blank\" style=\"color: #ffffff;background-color: #008ad1;margin: 10px 0\" class=\"qode-btn qode-btn-medium qode-btn-solid qode-btn-custom-hover-bg qode-btn-custom-hover-color qode-btn-custom-icon-bg-hover-color qode-btn-icon helpButton qodef-btn-icon-square qode-btn-icon-rotate\" data-hover-bg-color=\"#000000\" data-hover-color=\"#ffffff\" >\n\t    <span class=\"qode-btn-text\">Tutorial sobre com presentar la sol\u00b7licitud<\/span><span class=\"qode-button-v2-icon-holder\" style=\"font-size: 20px;background-color: #008ad1\" data-hover-icon-border-color=\"#000000\" data-hover-icon-bg-color=\"#000000\"><span aria-hidden=\"true\" class=\"qode_icon_font_elegant icon_plus qode-button-v2-icon-holder-inner\" ><\/span><\/span>\t<\/a>\n\n[\/vc_column][vc_column width=&#8221;1\/4&#8243;][\/vc_column][\/vc_row][vc_row css_animation=&#8221;&#8221; row_type=&#8221;row&#8221; use_row_as_full_screen_section=&#8221;no&#8221; type=&#8221;grid&#8221; angled_section=&#8221;no&#8221; text_align=&#8221;left&#8221; background_image_as_pattern=&#8221;without_pattern&#8221; css=&#8221;.vc_custom_1651757724075{padding-top: 100px !important;padding-bottom: 40px !important;background-color: #ffffff !important;}&#8221; z_index=&#8221;&#8221;][vc_column][vc_column_text]<\/p>\n<h2>Galeria de fotos<\/h2>\n<p>[\/vc_column_text][\/vc_column][\/vc_row][vc_row css_animation=&#8221;&#8221; row_type=&#8221;row&#8221; use_row_as_full_screen_section=&#8221;no&#8221; type=&#8221;grid&#8221; angled_section=&#8221;no&#8221; text_align=&#8221;left&#8221; background_image_as_pattern=&#8221;without_pattern&#8221; css=&#8221;.vc_custom_1651757715228{padding-bottom: 140px !important;background-color: #ffffff !important;}&#8221; z_index=&#8221;&#8221;][vc_column][vc_empty_space height=&#8221;24px&#8221;][vc_gallery type=&#8221;image_grid&#8221; images=&#8221;16637,16642,16643,16640,16639,16638,16645,16644,16647,16646,16648,16649&#8243; img_size=&#8221;medium&#8221; column_number=&#8221;3&#8243; grayscale=&#8221;no&#8221; images_space=&#8221;gallery_with_space&#8221;][\/vc_column][\/vc_row][vc_row css_animation=&#8221;&#8221; row_type=&#8221;row&#8221; use_row_as_full_screen_section=&#8221;no&#8221; type=&#8221;grid&#8221; angled_section=&#8221;no&#8221; text_align=&#8221;left&#8221; background_image_as_pattern=&#8221;without_pattern&#8221; css=&#8221;.vc_custom_1559909888525{padding-bottom: 140px !important;background-color: #ffffff !important;}&#8221; z_index=&#8221;&#8221;][vc_column width=&#8221;2\/3&#8243;][vc_column_text]<\/p>\n<h3>Notes de premsa<\/h3>\n<p>[\/vc_column_text][vc_empty_space height=&#8221;24px&#8221;][vc_column_text css=&#8221;.vc_custom_1643396391424{margin-top: 0px !important;margin-right: 0px !important;margin-bottom: 0px !important;margin-left: 0px !important;padding-top: 0px !important;padding-right: 0px !important;padding-bottom: 0px !important;padding-left: 0px !important;}&#8221;]<\/p>\n<table>\n<tbody>\n<tr>\n<td style=\"text-align: left; width: 10%;\">28\/01\/2022<\/td>\n<td style=\"width: 2%; text-align: center;\">\u00b7<\/td>\n<td style=\"text-align: left; width: 88%;\"><a href=\"https:\/\/www.ddgi.cat\/web\/noticia\/12345\/la-tercera-edicio-dels-premis-projecta-t-guardonen-vuit-empreses-de-la-demarcacio\">La tercera edici\u00f3 dels Premis Projecta&#8217;t guardonen vuit empreses de la demarcaci\u00f3<\/a><\/td>\n<\/tr>\n<tr>\n<td style=\"text-align: left; width: 10%;\">17\/09\/2021<\/td>\n<td style=\"width: 2%; text-align: center;\">\u00b7<\/td>\n<td style=\"text-align: left; width: 88%;\"><a href=\"http:\/\/www.ddgi.cat\/web\/noticia\/11897\/la-diputacio-de-girona-convoca-la-tercera-edicio-dels-premis-projecta-t\">La Diputaci\u00f3 de Girona convoca la tercera edici\u00f3 dels premis Projecta&#8217;t<\/a><\/td>\n<\/tr>\n<\/tbody>\n<\/table>\n<p>[\/vc_column_text][vc_empty_space height=&#8221;35px&#8221;][\/vc_column][vc_column width=&#8221;1\/3&#8243;][vc_empty_space height=&#8221;70px&#8221;][vc_column_text]<\/p>\n<h3>Xarxes socials<\/h3>\n<p>[\/vc_column_text][vc_empty_space height=&#8221;24px&#8221;][vc_column_text]Seguiu l\u2019actualitat dels premis Projecta\u2019t per mitj\u00e0 de l\u2019etiqueta #PremisProjectat.[\/vc_column_text][vc_empty_space height=&#8221;35px&#8221;]<span class='q_social_icon_holder square_social' data-color=#ffffff data-hover-background-color=#000000 data-hover-color=#ffffff><a itemprop='url' href='https:\/\/twitter.com\/hashtag\/PremisProjectat'   target='_blank'><span  class='fa-stack fa-lg' style='background-color: #e3000f;'><i class=\"qode_icon_font_awesome fa fa-twitter \" style=\"color: #ffffff;\" ><\/i><span class='sr-only'>https:\/\/twitter.com\/hashtag\/PremisProjectat<\/span><\/span><\/a><\/span><span class='q_social_icon_holder square_social' data-color=#ffffff data-hover-background-color=#000000 data-hover-color=#ffffff><a itemprop='url' href='https:\/\/www.linkedin.com\/feed\/hashtag\/?keywords=%23PremisProjectat'   target='_blank'><span  class='fa-stack fa-lg' style='background-color: #e3000f;'><i class=\"qode_icon_font_awesome fa fa-linkedin \" style=\"color: #ffffff;\" ><\/i><span class='sr-only'>https:\/\/www.linkedin.com\/feed\/hashtag\/?keywords=%23PremisProjectat<\/span><\/span><\/a><\/span><span class='q_social_icon_holder square_social' data-color=#ffffff data-hover-background-color=#000000 data-hover-color=#ffffff><a itemprop='url' href='https:\/\/www.facebook.com\/hashtag\/PremisProjectat'   target='_blank'><span  class='fa-stack fa-lg' style='background-color: #e3000f;'><i class=\"qode_icon_font_awesome fa fa-facebook \" style=\"color: #ffffff;\" ><\/i><span class='sr-only'>https:\/\/www.facebook.com\/hashtag\/PremisProjectat<\/span><\/span><\/a><\/span><span class='q_social_icon_holder square_social' data-color=#ffffff data-hover-background-color=#000000 data-hover-color=#ffffff><a itemprop='url' href='https:\/\/www.instagram.com\/explore\/tags\/PremisProjectat\/'   target='_blank'><span  class='fa-stack fa-lg' style='background-color: #e3000f;'><i class=\"qode_icon_font_awesome fa fa-instagram \" style=\"color: #ffffff;\" ><\/i><span class='sr-only'>https:\/\/www.instagram.com\/explore\/tags\/PremisProjectat\/<\/span><\/span><\/a><\/span><span class='q_social_icon_holder square_social' data-color=#ffffff data-hover-background-color=#000000 data-hover-color=#ffffff><a itemprop='url' href='https:\/\/www.youtube.com\/results?search_query=PremisProjectat'   target='_blank'><span  class='fa-stack fa-lg' style='background-color: #e3000f;'><i class=\"qode_icon_font_awesome fa fa-youtube \" style=\"color: #ffffff;\" ><\/i><span class='sr-only'>https:\/\/www.youtube.com\/results?search_query=PremisProjectat<\/span><\/span><\/a><\/span>[\/vc_column][\/vc_row]<\/p>\n<\/div>","protected":false},"excerpt":{"rendered":"<p>[vc_row css_animation=&#8221;&#8221; row_type=&#8221;row&#8221; use_row_as_full_screen_section=&#8221;no&#8221; type=&#8221;grid&#8221; angled_section=&#8221;no&#8221; text_align=&#8221;left&#8221; background_image_as_pattern=&#8221;without_pattern&#8221; css=&#8221;.vc_custom_1559909607249{padding-top: 103px !important;padding-bottom: 80px !important;background-color: #ffffff !important;}&#8221; el_id=&#8221;menuinici&#8221; z_index=&#8221;&#8221;][vc_column width=&#8221;1\/2&#8243;][vc_column_text] Premis Projecta&#8217;t [\/vc_column_text][vc_column_text] Convocat\u00f2ria tancada el mes d&#8217;octubre del 2021 [\/vc_column_text][vc_empty_space height=&#8221;27px&#8221;][vc_column_text]La Diputaci\u00f3 de Girona va convocar la\u00a0tercera edici\u00f3\u00a0dels Premis Projecta\u2019t amb l\u2019objectiu d\u2019impulsar la projecci\u00f3 d\u2019empreses&#8230;<\/p>\n","protected":false},"author":4,"featured_media":0,"parent":0,"menu_order":0,"comment_status":"closed","ping_status":"closed","template":"full_width.php","meta":{"inline_featured_image":false,"footnotes":""},"class_list":["post-16434","page","type-page","status-publish","hentry"],"_links":{"self":[{"href":"https:\/\/cocreix.ddgi.cat\/web\/wp-json\/wp\/v2\/pages\/16434","targetHints":{"allow":["GET"]}}],"collection":[{"href":"https:\/\/cocreix.ddgi.cat\/web\/wp-json\/wp\/v2\/pages"}],"about":[{"href":"https:\/\/cocreix.ddgi.cat\/web\/wp-json\/wp\/v2\/types\/page"}],"author":[{"embeddable":true,"href":"https:\/\/cocreix.ddgi.cat\/web\/wp-json\/wp\/v2\/users\/4"}],"replies":[{"embeddable":true,"href":"https:\/\/cocreix.ddgi.cat\/web\/wp-json\/wp\/v2\/comments?post=16434"}],"version-history":[{"count":39,"href":"https:\/\/cocreix.ddgi.cat\/web\/wp-json\/wp\/v2\/pages\/16434\/revisions"}],"predecessor-version":[{"id":18410,"href":"https:\/\/cocreix.ddgi.cat\/web\/wp-json\/wp\/v2\/pages\/16434\/revisions\/18410"}],"wp:attachment":[{"href":"https:\/\/cocreix.ddgi.cat\/web\/wp-json\/wp\/v2\/media?parent=16434"}],"curies":[{"name":"wp","href":"https:\/\/api.w.org\/{rel}","templated":true}]}}